{"id":7382,"date":"2020-02-01T13:07:33","date_gmt":"2020-02-01T13:07:33","guid":{"rendered":"https:\/\/encouragement-public.org\/delegation-belgique\/?page_id=7382"},"modified":"2021-04-10T15:51:06","modified_gmt":"2021-04-10T15:51:06","slug":"accueil-2","status":"publish","type":"page","link":"https:\/\/encouragement-public.org\/delegation-belgique\/","title":{"rendered":"Accueil"},"content":{"rendered":"<div class=\"wpb-content-wrapper\"><p>[vc_row gap=&#8221;0&#8243; content_placement=&#8221;middle&#8221; disable_element=&#8221;yes&#8221; enable_row_shadowbox=&#8221;yes&#8221; row_box_shadow=&#8221;%5B%7B%7D%5D&#8221; css=&#8221;.vc_custom_1602863107030{padding-top: 45px !important;background-color: #eae9e9 !important;}&#8221;][vc_column]<style>.ld_spacer_69f2be5e93f80{height:55px;}<\/style>\n<div class=\"ld-empty-space ld_spacer_69f2be5e93f80\"><span class=\"liquid_empty_space_inner\"><\/span><\/div><style>.ld_custom_menu_69f2be5e94060 > li > a{font-size:16px;font-weight:0,5;text-transform:uppercase;}.ld_custom_menu_69f2be5e94060 li + li{margin-left:20px;}.ld_custom_menu_69f2be5e94060{background:rgb(234, 233, 233);}.ld_custom_menu_69f2be5e94060 > li > a,.ld_custom_menu_69f2be5e94060 ul > li > a{color:rgb(43, 43, 43);}.ld_custom_menu_69f2be5e94060 > li > a:hover, .ld_custom_menu_69f2be5e94060 ul > li > a:hover, .ld_custom_menu_69f2be5e94060 li.is-active > a, .ld_custom_menu_69f2be5e94060 li.current-menu-item > a{color:rgb(0, 206, 9);}<\/style><div id=\"ld_custom_menu_69f2be5e94060\" class=\"lqd-custom-menu lqd-sticky-menu text-center ld_custom_menu_69f2be5e94060\" data-pin=\"true\" data-pin-options='{ \"offset\": \"[data-sticky-header] .mainbar-wrap.is-stuck, #wpadminbar\", \"duration\": \"docHeight\"  }' data-move-element='{ \"target\": \".vc_row\" }'>\n<ul id=\"menu-connexion\" class=\" reset-ul inline-nav  \"><li id=\"menu-item-9430\" class=\"menu-item menu-item-type-wppb_cpm_login_logout menu-item-object-custom menu-item-9430\"><a href=\"https:\/\/encouragement-public.org\/delegation-belgique\/wp-login.php\">Connexion<\/a><\/li>\n<\/ul><\/div>[\/vc_column][\/vc_row][vc_row gap=&#8221;5&#8243; bg_type=&#8221;bg_color&#8221; css=&#8221;.vc_custom_1588515410895{background-color: #e8e8e8 !important;}&#8221; bg_color_value=&#8221;#eaeaea&#8221;][vc_column]<style>.ld_spacer_69f2be5e951ef{height:50px;}<\/style>\n<div class=\"ld-empty-space ld_spacer_69f2be5e951ef\"><span class=\"liquid_empty_space_inner\"><\/span><\/div><style>.ld_blog_69f2be5e952a6 .liquid-blog-grid{margin-left:-5px;margin-right:-5px;}.ld_blog_69f2be5e952a6 .liquid-blog-grid > div{padding-left:5px;padding-right:5px;}.ld_blog_69f2be5e952a6 .liquid-blog-grid .liquid-lp{margin-bottom:30px;}.ld_blog_69f2be5e952a6 .filter-list{margin-bottom:px;}.ld_blog_69f2be5e952a6 .liquid-blog-item .liquid-lp-title,.ld_blog_69f2be5e952a6 .liquid-lp .liquid-lp-title{margin-top:px;margin-bottom:px;}<\/style><div data-filter-id=\"1581080698611-9ddda07f-a5a7\" class=\"liquid-blog-posts ld_blog_69f2be5e952a6 1581080698612-ca5edfb3-548d \" data-post-per-page=\"10\"><div class=\"liquid-blog-grid liquid-blog-style-timeline row\" data-liquid-masonry=\"true\"><div class=\"col-md-4 masonry-item\"><article id=\"post-9757\" class=\"liquid-lp liquid-blog-item liquid-blog-item-timeline liquid-blog-scheme-dark liquid-blog-scheme-dark-alt post-9757 post type-post status-publish format-standard has-post-thumbnail hentry category-ceremonies-vie-culturelle category-ceremonies category-siege\"><div class=\"liquid-lp-details\">\t\n\t<span><span class=\"screen-reader-text\">Tags <\/span><ul class=\"liquid-lp-category bordered text-uppercase size-sm ltr-sp-1\"><li><a href=\"https:\/\/encouragement-public.org\/delegation-belgique\/category\/vie-culturelle\/ceremonies-vie-culturelle\/\" rel=\"category\">C\u00c9R\u00c9MONIE<\/a><\/li><\/ul><\/span>\t<time class=\"published updated liquid-lp-date\" datetime=\"2025-05-09T11:59:06+00:00\">mai 9, 2025<\/time><\/div><!-- \/.liquid-lp-details -->\n\n<figure class=\"liquid-lp-media \"  data-responsive-bg=\"true\" data-parallax=\"true\" data-parallax-options='{ \"parallaxBG\": true }'><a  href=\"https:\/\/encouragement-public.org\/delegation-belgique\/ravivage-de-la-flamme-du-7-mai-2025-lencouragement-public-honore-la-memoire-avec-solennite\/\"><img loading=\"lazy\" decoding=\"async\" width=\"490\" height=\"300\" src=\"https:\/\/encouragement-public.org\/delegation-belgique\/wp-content\/uploads\/sites\/20\/2025\/05\/IMG_1057-scaled-e1746791736625-490x300.jpg\" class=\"attachment-liquid-timeline-blog size-liquid-timeline-blog wp-post-image\" alt=\"Ravivage de la Flamme du 7 mai 2025 : L\u2019Encouragement Public honore la m\u00e9moire avec solennit\u00e9\" srcset=\"https:\/\/encouragement-public.org\/delegation-belgique\/wp-content\/uploads\/sites\/20\/2025\/05\/IMG_1057-scaled-e1746791736625-490x300.jpg 490w, https:\/\/encouragement-public.org\/delegation-belgique\/wp-content\/uploads\/sites\/20\/2025\/05\/IMG_1057-scaled-e1746791736625-570x350.jpg 570w, https:\/\/encouragement-public.org\/delegation-belgique\/wp-content\/uploads\/sites\/20\/2025\/05\/IMG_1057-scaled-e1746791736625-720x440.jpg 720w\" sizes=\"auto, (max-width: 490px) 100vw, 490px\" \/><\/a><\/figure>\n<a href=\"https:\/\/encouragement-public.org\/delegation-belgique\/ravivage-de-la-flamme-du-7-mai-2025-lencouragement-public-honore-la-memoire-avec-solennite\/\" class=\"liquid-overlay-link\">Ravivage de la Flamme du 7 mai 2025 : L\u2019Encouragement Public honore la m\u00e9moire avec solennit\u00e9<\/a>\n\n<header class=\"liquid-lp-header\">\n\t<h2 class=\"entry-title liquid-lp-title font-weight-bold h3 size-sm\"><a  href=\"https:\/\/encouragement-public.org\/delegation-belgique\/ravivage-de-la-flamme-du-7-mai-2025-lencouragement-public-honore-la-memoire-avec-solennite\/\" rel=\"bookmark\">Ravivage de la Flamme du 7 mai 2025 : L\u2019Encouragement Public honore la m\u00e9moire avec solennit\u00e9<\/a><\/h2><\/header>\n\n\t\t\t<div class=\"liquid-lp-excerpt entry-summary \">\n\t\t\t\t<p>Le 7 mai 2025, sous l\u2019Arc de Triomphe, l\u2019association L\u2019Encouragement Public a pris part avec solennit\u00e9 au ravivage de la Flamme du Soldat inconnu. Aux c\u00f4t\u00e9s de sept autres associations, ses membres \u2013 accompagn\u00e9s de jeunes \u00e9tudiants \u2013 ont honor\u00e9 la m\u00e9moire des combattants tomb\u00e9s pour la France. Par un geste fort de transmission et de civisme, l\u2019association r\u00e9affirme son engagement pour faire vivre le souvenir, en impliquant les g\u00e9n\u00e9rations futures dans ce rituel r\u00e9publicain de m\u00e9moire.<\/p>\n\t\t\t<\/div><!-- \/.latest-post-excerpt -->\n\t\t\n<footer class=\"liquid-lp-footer\">\n\t<a href=\"https:\/\/encouragement-public.org\/delegation-belgique\/ravivage-de-la-flamme-du-7-mai-2025-lencouragement-public-honore-la-memoire-avec-solennite\/\" class=\"btn btn-naked text-uppercase ltr-sp-1 size-sm font-weight-bold liquid-lp-read-more\">\n\t\t<span>\n\t\t\t<span class=\"btn-line btn-line-before\"><\/span>\n\t\t\t<span class=\"btn-txt\">Continuer la lecture<\/span>\n\t\t\t<span class=\"btn-line btn-line-after\"><\/span>\n\t\t<\/span>\n\t<\/a>\n<\/footer><\/article><\/div><div class=\"col-md-4 masonry-item\"><article id=\"post-9738\" class=\"liquid-lp liquid-blog-item liquid-blog-item-timeline liquid-blog-scheme-dark liquid-blog-scheme-dark-alt post-9738 post type-post status-publish format-standard has-post-thumbnail hentry category-ambiance-ag category-programme category-siege\"><div class=\"liquid-lp-details\">\t\n\t<span><span class=\"screen-reader-text\">Tags <\/span><ul class=\"liquid-lp-category bordered text-uppercase size-sm ltr-sp-1\"><li><a href=\"https:\/\/encouragement-public.org\/delegation-belgique\/category\/vie-associative\/ambiance-ag\/\" rel=\"category\">AMBIANCE AG<\/a><\/li><\/ul><\/span>\t<time class=\"published updated liquid-lp-date\" datetime=\"2025-03-14T11:22:35+00:00\">mars 14, 2025<\/time><\/div><!-- \/.liquid-lp-details -->\n\n<figure class=\"liquid-lp-media \"  data-responsive-bg=\"true\" data-parallax=\"true\" data-parallax-options='{ \"parallaxBG\": true }'><a  href=\"https:\/\/encouragement-public.org\/delegation-belgique\/assemblee-generale-ordinaire-14-juin-2025-a-san-remo\/\"><img loading=\"lazy\" decoding=\"async\" width=\"490\" height=\"300\" src=\"https:\/\/encouragement-public.org\/delegation-belgique\/wp-content\/uploads\/sites\/20\/2025\/03\/Hotel-des-Anglais-490x300.jpg\" class=\"attachment-liquid-timeline-blog size-liquid-timeline-blog wp-post-image\" alt=\"\" srcset=\"https:\/\/encouragement-public.org\/delegation-belgique\/wp-content\/uploads\/sites\/20\/2025\/03\/Hotel-des-Anglais-490x300.jpg 490w, https:\/\/encouragement-public.org\/delegation-belgique\/wp-content\/uploads\/sites\/20\/2025\/03\/Hotel-des-Anglais-570x350.jpg 570w, https:\/\/encouragement-public.org\/delegation-belgique\/wp-content\/uploads\/sites\/20\/2025\/03\/Hotel-des-Anglais-720x440.jpg 720w\" sizes=\"auto, (max-width: 490px) 100vw, 490px\" \/><\/a><\/figure>\n<a href=\"https:\/\/encouragement-public.org\/delegation-belgique\/assemblee-generale-ordinaire-14-juin-2025-a-san-remo\/\" class=\"liquid-overlay-link\">Assembl\u00e9e G\u00e9n\u00e9rale Ordinaire \u2013 14 juin 2025 \u00e0 San Remo<\/a>\n\n<header class=\"liquid-lp-header\">\n\t<h2 class=\"entry-title liquid-lp-title font-weight-bold h3 size-sm\"><a  href=\"https:\/\/encouragement-public.org\/delegation-belgique\/assemblee-generale-ordinaire-14-juin-2025-a-san-remo\/\" rel=\"bookmark\">Assembl\u00e9e G\u00e9n\u00e9rale Ordinaire \u2013 14 juin 2025 \u00e0 San Remo<\/a><\/h2><\/header>\n\n\t\t\t<div class=\"liquid-lp-excerpt entry-summary \">\n\t\t\t\t<p>Assembl\u00e9e G\u00e9n\u00e9rale Ordinaire \u2013 14 juin 2025 \u00e0 San Remo Chers Compagnons, Chers Amis, L\u2019Encouragement&#8230;<\/p>\n\t\t\t<\/div><!-- \/.latest-post-excerpt -->\n\t\t\n<footer class=\"liquid-lp-footer\">\n\t<a href=\"https:\/\/encouragement-public.org\/delegation-belgique\/assemblee-generale-ordinaire-14-juin-2025-a-san-remo\/\" class=\"btn btn-naked text-uppercase ltr-sp-1 size-sm font-weight-bold liquid-lp-read-more\">\n\t\t<span>\n\t\t\t<span class=\"btn-line btn-line-before\"><\/span>\n\t\t\t<span class=\"btn-txt\">Continuer la lecture<\/span>\n\t\t\t<span class=\"btn-line btn-line-after\"><\/span>\n\t\t<\/span>\n\t<\/a>\n<\/footer><\/article><\/div><\/div><!--\/ .row --><\/div><!--\/ .liquid-blog-posts -->[\/vc_column][\/vc_row]<\/p>\n<\/div>","protected":false},"excerpt":{"rendered":"<p>[vc_row gap=&#8221;0&#8243; content_placement=&#8221;middle&#8221; disable_element=&#8221;yes&#8221; enable_row_shadowbox=&#8221;yes&#8221; row_box_shadow=&#8221;%5B%7B%7D%5D&#8221; css=&#8221;.vc_custom_1602863107030{padding-top: 45px !important;background-color: #eae9e9 !important;}&#8221;][vc_column][\/vc_column][\/vc_row][vc_row gap=&#8221;5&#8243; bg_type=&#8221;bg_color&#8221; css=&#8221;.vc_custom_1588515410895{background-color: #e8e8e8&#8230;<\/p>\n","protected":false},"author":1,"featured_media":0,"parent":0,"menu_order":0,"comment_status":"closed","ping_status":"closed","template":"","meta":{"footnotes":""},"class_list":["post-7382","page","type-page","status-publish","hentry"],"yoast_head":"<!-- This site is optimized with the Yoast SEO plugin v27.5 - https:\/\/yoast.com\/product\/yoast-seo-wordpress\/ -->\n<title>Accueil - D\u00e9l\u00e9gation Belgique<\/title>\n<meta name=\"robots\" content=\"index, follow, max-snippet:-1, max-image-preview:large, max-video-preview:-1\" \/>\n<link rel=\"canonical\" href=\"https:\/\/encouragement-public.org\/delegation-belgique\/\" \/>\n<meta property=\"og:locale\" content=\"fr_FR\" \/>\n<meta property=\"og:type\" content=\"article\" \/>\n<meta property=\"og:title\" content=\"Accueil - D\u00e9l\u00e9gation Belgique\" \/>\n<meta property=\"og:description\" content=\"[vc_row gap=&#8221;0&#8243; content_placement=&#8221;middle&#8221; disable_element=&#8221;yes&#8221; enable_row_shadowbox=&#8221;yes&#8221; row_box_shadow=&#8221;%5B%7B%7D%5D&#8221; css=&#8221;.vc_custom_1602863107030{padding-top: 45px !important;background-color: #eae9e9 !important;}&#8221;][vc_column][\/vc_column][\/vc_row][vc_row gap=&#8221;5&#8243; bg_type=&#8221;bg_color&#8221; css=&#8221;.vc_custom_1588515410895{background-color: #e8e8e8...\" \/>\n<meta property=\"og:url\" content=\"https:\/\/encouragement-public.org\/delegation-belgique\/\" \/>\n<meta property=\"og:site_name\" content=\"D\u00e9l\u00e9gation Belgique\" \/>\n<meta property=\"article:modified_time\" content=\"2021-04-10T15:51:06+00:00\" \/>\n<meta name=\"twitter:card\" content=\"summary_large_image\" \/>\n<meta name=\"twitter:label1\" content=\"Dur\u00e9e de lecture estim\u00e9e\" \/>\n\t<meta name=\"twitter:data1\" content=\"1 minute\" \/>\n<script type=\"application\/ld+json\" class=\"yoast-schema-graph\">{\"@context\":\"https:\\\/\\\/schema.org\",\"@graph\":[{\"@type\":\"WebPage\",\"@id\":\"https:\\\/\\\/encouragement-public.org\\\/delegation-belgique\\\/\",\"url\":\"https:\\\/\\\/encouragement-public.org\\\/delegation-belgique\\\/\",\"name\":\"Accueil - D\u00e9l\u00e9gation Belgique\",\"isPartOf\":{\"@id\":\"https:\\\/\\\/encouragement-public.org\\\/delegation-belgique\\\/#website\"},\"datePublished\":\"2020-02-01T13:07:33+00:00\",\"dateModified\":\"2021-04-10T15:51:06+00:00\",\"breadcrumb\":{\"@id\":\"https:\\\/\\\/encouragement-public.org\\\/delegation-belgique\\\/#breadcrumb\"},\"inLanguage\":\"fr-FR\",\"potentialAction\":[{\"@type\":\"ReadAction\",\"target\":[\"https:\\\/\\\/encouragement-public.org\\\/delegation-belgique\\\/\"]}]},{\"@type\":\"BreadcrumbList\",\"@id\":\"https:\\\/\\\/encouragement-public.org\\\/delegation-belgique\\\/#breadcrumb\",\"itemListElement\":[{\"@type\":\"ListItem\",\"position\":1,\"name\":\"Accueil\",\"item\":\"https:\\\/\\\/encouragement-public.org\\\/delegation-belgique\\\/\"},{\"@type\":\"ListItem\",\"position\":2,\"name\":\"Accueil\"}]},{\"@type\":\"WebSite\",\"@id\":\"https:\\\/\\\/encouragement-public.org\\\/delegation-belgique\\\/#website\",\"url\":\"https:\\\/\\\/encouragement-public.org\\\/delegation-belgique\\\/\",\"name\":\"D\u00e9l\u00e9gation Belgique\",\"description\":\"Savoir r\u00e9compenser le m\u00e9rite\",\"potentialAction\":[{\"@type\":\"SearchAction\",\"target\":{\"@type\":\"EntryPoint\",\"urlTemplate\":\"https:\\\/\\\/encouragement-public.org\\\/delegation-belgique\\\/?s={search_term_string}\"},\"query-input\":{\"@type\":\"PropertyValueSpecification\",\"valueRequired\":true,\"valueName\":\"search_term_string\"}}],\"inLanguage\":\"fr-FR\"}]}<\/script>\n<!-- \/ Yoast SEO plugin. -->","yoast_head_json":{"title":"Accueil - D\u00e9l\u00e9gation Belgique","robots":{"index":"index","follow":"follow","max-snippet":"max-snippet:-1","max-image-preview":"max-image-preview:large","max-video-preview":"max-video-preview:-1"},"canonical":"https:\/\/encouragement-public.org\/delegation-belgique\/","og_locale":"fr_FR","og_type":"article","og_title":"Accueil - D\u00e9l\u00e9gation Belgique","og_description":"[vc_row gap=&#8221;0&#8243; content_placement=&#8221;middle&#8221; disable_element=&#8221;yes&#8221; enable_row_shadowbox=&#8221;yes&#8221; row_box_shadow=&#8221;%5B%7B%7D%5D&#8221; css=&#8221;.vc_custom_1602863107030{padding-top: 45px !important;background-color: #eae9e9 !important;}&#8221;][vc_column][\/vc_column][\/vc_row][vc_row gap=&#8221;5&#8243; bg_type=&#8221;bg_color&#8221; css=&#8221;.vc_custom_1588515410895{background-color: #e8e8e8...","og_url":"https:\/\/encouragement-public.org\/delegation-belgique\/","og_site_name":"D\u00e9l\u00e9gation Belgique","article_modified_time":"2021-04-10T15:51:06+00:00","twitter_card":"summary_large_image","twitter_misc":{"Dur\u00e9e de lecture estim\u00e9e":"1 minute"},"schema":{"@context":"https:\/\/schema.org","@graph":[{"@type":"WebPage","@id":"https:\/\/encouragement-public.org\/delegation-belgique\/","url":"https:\/\/encouragement-public.org\/delegation-belgique\/","name":"Accueil - D\u00e9l\u00e9gation Belgique","isPartOf":{"@id":"https:\/\/encouragement-public.org\/delegation-belgique\/#website"},"datePublished":"2020-02-01T13:07:33+00:00","dateModified":"2021-04-10T15:51:06+00:00","breadcrumb":{"@id":"https:\/\/encouragement-public.org\/delegation-belgique\/#breadcrumb"},"inLanguage":"fr-FR","potentialAction":[{"@type":"ReadAction","target":["https:\/\/encouragement-public.org\/delegation-belgique\/"]}]},{"@type":"BreadcrumbList","@id":"https:\/\/encouragement-public.org\/delegation-belgique\/#breadcrumb","itemListElement":[{"@type":"ListItem","position":1,"name":"Accueil","item":"https:\/\/encouragement-public.org\/delegation-belgique\/"},{"@type":"ListItem","position":2,"name":"Accueil"}]},{"@type":"WebSite","@id":"https:\/\/encouragement-public.org\/delegation-belgique\/#website","url":"https:\/\/encouragement-public.org\/delegation-belgique\/","name":"D\u00e9l\u00e9gation Belgique","description":"Savoir r\u00e9compenser le m\u00e9rite","potentialAction":[{"@type":"SearchAction","target":{"@type":"EntryPoint","urlTemplate":"https:\/\/encouragement-public.org\/delegation-belgique\/?s={search_term_string}"},"query-input":{"@type":"PropertyValueSpecification","valueRequired":true,"valueName":"search_term_string"}}],"inLanguage":"fr-FR"}]}},"_links":{"self":[{"href":"https:\/\/encouragement-public.org\/delegation-belgique\/wp-json\/wp\/v2\/pages\/7382","targetHints":{"allow":["GET"]}}],"collection":[{"href":"https:\/\/encouragement-public.org\/delegation-belgique\/wp-json\/wp\/v2\/pages"}],"about":[{"href":"https:\/\/encouragement-public.org\/delegation-belgique\/wp-json\/wp\/v2\/types\/page"}],"author":[{"embeddable":true,"href":"https:\/\/encouragement-public.org\/delegation-belgique\/wp-json\/wp\/v2\/users\/1"}],"replies":[{"embeddable":true,"href":"https:\/\/encouragement-public.org\/delegation-belgique\/wp-json\/wp\/v2\/comments?post=7382"}],"version-history":[{"count":4,"href":"https:\/\/encouragement-public.org\/delegation-belgique\/wp-json\/wp\/v2\/pages\/7382\/revisions"}],"predecessor-version":[{"id":9526,"href":"https:\/\/encouragement-public.org\/delegation-belgique\/wp-json\/wp\/v2\/pages\/7382\/revisions\/9526"}],"wp:attachment":[{"href":"https:\/\/encouragement-public.org\/delegation-belgique\/wp-json\/wp\/v2\/media?parent=7382"}],"curies":[{"name":"wp","href":"https:\/\/api.w.org\/{rel}","templated":true}]}}