{"id":9515,"date":"2020-10-04T19:15:32","date_gmt":"2020-10-04T19:15:32","guid":{"rendered":"https:\/\/encouragement-public.org\/delegation-belgique\/?page_id=9515"},"modified":"2023-12-21T17:26:18","modified_gmt":"2023-12-21T17:26:18","slug":"delegation-belgique","status":"publish","type":"page","link":"https:\/\/encouragement-public.org\/delegation-belgique\/delegation-belgique\/","title":{"rendered":"D\u00c9L\u00c9GATION BELGIQUE"},"content":{"rendered":"<div class=\"wpb-content-wrapper\"><p>[vc_row][vc_column]<style>.ld_spacer_69f4dfdd4fc16{height:64px;}<\/style>\n<div class=\"ld-empty-space ld_spacer_69f4dfdd4fc16\"><span class=\"liquid_empty_space_inner\"><\/span><\/div>[vc_custom_heading text=&#8221;D\u00c9L\u00c9GATION BELGIQUE&#8221; font_container=&#8221;tag:h1|text_align:left|color:%2356bf33&#8243; css=&#8221;.vc_custom_1618070133819{background-color: rgba(255,255,255,0.01) !important;*background-color: rgb(255,255,255) !important;}&#8221;][vc_column_text]\t\t\t<!-- Flexy Breadcrumb -->\r\n\t\t\t<div class=\"fbc fbc-page\">\r\n\r\n\t\t\t\t<!-- Breadcrumb wrapper -->\r\n\t\t\t\t<div class=\"fbc-wrap\">\r\n\r\n\t\t\t\t\t<!-- Ordered list-->\r\n\t\t\t\t\t<ol class=\"fbc-items\" itemscope itemtype=\"https:\/\/schema.org\/BreadcrumbList\">\r\n\t\t\t\t\t\t            <li itemprop=\"itemListElement\" itemscope itemtype=\"https:\/\/schema.org\/ListItem\">\r\n                <span itemprop=\"name\">\r\n                    <!-- Home Link -->\r\n                    <a itemprop=\"item\" href=\"https:\/\/encouragement-public.org\/delegation-belgique\">\r\n                    \r\n                        ACCUEIL                    <\/a>\r\n                <\/span>\r\n                <meta itemprop=\"position\" content=\"1\" \/><!-- Meta Position-->\r\n             <\/li><li><span class=\"fbc-separator\"> > <\/span><\/li><li class=\"active\" itemprop=\"itemListElement\" itemscope itemtype=\"https:\/\/schema.org\/ListItem\"><span itemprop=\"name\" title=\"D\u00c9L\u00c9GATION BELGIQUE\">D\u00c9L\u00c9GATION BELGIQUE<\/span><meta itemprop=\"position\" content=\"2\" \/><\/li>\t\t\t\t\t<\/ol>\r\n\t\t\t\t\t<div class=\"clearfix\"><\/div>\r\n\t\t\t\t<\/div>\r\n\t\t\t<\/div>\r\n\t\t\t[\/vc_column_text][\/vc_column][\/vc_row][vc_row gap=&#8221;10&#8243; enable_loading_bg=&#8221;yes&#8221; bg_position=&#8221;center center&#8221; css=&#8221;.vc_custom_1590965269814{padding-top: 5% !important;padding-right: 5% !important;padding-bottom: 5% !important;padding-left: 5% !important;background-position: center !important;background-repeat: no-repeat !important;background-size: cover !important;}&#8221;][vc_column width=&#8221;2\/3&#8243; enable_column_shadowbox=&#8221;yes&#8221; css=&#8221;.vc_custom_1590966035151{padding-top: 5% !important;padding-right: 5% !important;padding-bottom: 5% !important;padding-left: 5% !important;background-color: rgba(255,255,255,0.9) !important;*background-color: rgb(255,255,255) !important;}&#8221; column_box_shadow=&#8221;%5B%7B%22inset%22%3A%22inset%22%2C%22x_offset%22%3A%223%22%2C%22y_offset%22%3A%223%22%2C%22blur_radius%22%3A%223%22%2C%22spread_radius%22%3A%223%22%2C%22shadow_color%22%3A%22rgb(0%2C%200%2C%200)%22%7D%5D&#8221;]<style>.ld_spacer_69f4dfdd4fe63{height:64px;}<\/style>\n<div class=\"ld-empty-space ld_spacer_69f4dfdd4fe63\"><span class=\"liquid_empty_space_inner\"><\/span><\/div>[vc_row_inner][vc_column_inner][vc_gmaps link=&#8221;#E-8_JTNDaWZyYW1lJTIwc3JjJTNEJTIyaHR0cHMlM0ElMkYlMkZ3d3cuZ29vZ2xlLmNvbSUyRm1hcHMlMkZlbWJlZCUzRnBiJTNEJTIxMW0xOCUyMTFtMTIlMjExbTMlMjExZDEyOTk0NDIuNjU2NjkzOTkwOCUyMTJkMy4zNDQ5NjI1MzI2OTM0OTQlMjEzZDUwLjQ5NzQ0Mjc5MzMzNDI4JTIxMm0zJTIxMWYwJTIxMmYwJTIxM2YwJTIxM20yJTIxMWkxMDI0JTIxMmk3NjglMjE0ZjEzLjElMjEzbTMlMjExbTIlMjExczB4NDdjMTdkNjRlZGYzOTc5NyUyNTNBMHg0N2ViZjJiNDM5ZTYwZmYyJTIxMnNCZWxnaXF1ZSUyMTVlMCUyMTNtMiUyMTFzZnIlMjEyc2ZyJTIxNHYxNjE4MDcwMTk1NzU4JTIxNW0yJTIxMXNmciUyMTJzZnIlMjIlMjB3aWR0aCUzRCUyMjYwMCUyMiUyMGhlaWdodCUzRCUyMjQ1MCUyMiUyMHN0eWxlJTNEJTIyYm9yZGVyJTNBMCUzQiUyMiUyMGFsbG93ZnVsbHNjcmVlbiUzRCUyMiUyMiUyMGxvYWRpbmclM0QlMjJsYXp5JTIyJTNFJTNDJTJGaWZyYW1lJTNF&#8221;][\/vc_column_inner][\/vc_row_inner][vc_row_inner][vc_column_inner]<style>.ld_spacer_69f4dfdd4fee2{height:32px;}<\/style>\n<div class=\"ld-empty-space ld_spacer_69f4dfdd4fee2\"><span class=\"liquid_empty_space_inner\"><\/span><\/div>[vc_column_text]<\/p>\n<h1>Belgique<\/h1>\n<p>La\u00a0<b>Belgique<\/b>\u00a0<span class=\"API nowrap\" title=\"Alphabet phon\u00e9tique international\">\/<a class=\"mw-redirect\" title=\"API b\" href=\"https:\/\/fr.wikipedia.org\/wiki\/API_b\"><span title=\"[b] \u00ab b \u00bb dans \u00ab beau \u00bb.\">b<\/span><\/a><a class=\"mw-redirect\" title=\"API \u025b\" href=\"https:\/\/fr.wikipedia.org\/wiki\/API_%C9%9B\"><span title=\"[\u025b] \u00ab \u00e8 \u00bb dans \u00ab m\u00e8re \u00bb.\">\u025b<\/span><\/a><a class=\"mw-redirect\" title=\"API l\" href=\"https:\/\/fr.wikipedia.org\/wiki\/API_l\"><span title=\"[l] \u00ab l \u00bb dans \u00ab loup \u00bb.\">l<\/span><\/a><a class=\"mw-redirect\" title=\"API \u0292\" href=\"https:\/\/fr.wikipedia.org\/wiki\/API_%CA%92\"><span title=\"[\u0292] \u00ab j \u00bb dans \u00ab joue \u00bb.\">\u0292<\/span><\/a><a class=\"mw-redirect\" title=\"API i\" href=\"https:\/\/fr.wikipedia.org\/wiki\/API_i\"><span title=\"[i] \u00ab i \u00bb dans \u00ab si \u00bb.\">i<\/span><\/a><a class=\"mw-redirect\" title=\"API k\" href=\"https:\/\/fr.wikipedia.org\/wiki\/API_k\"><span title=\"[k] \u00ab c \u00bb dans \u00ab cabas \u00bb.\">k<\/span><\/a>\/<\/span><sup id=\"cite_ref-3\" class=\"reference\"><a href=\"https:\/\/fr.wikipedia.org\/wiki\/Belgique#cite_note-3\">a<\/a><\/sup>\u00a0<sup class=\"prononciation noprint\"><a title=\"Fichier:LL-Q150 (fra)-Fhala.K-Belgique.wav\" href=\"https:\/\/fr.wikipedia.org\/wiki\/Fichier:LL-Q150_(fra)-Fhala.K-Belgique.wav\">\u00c9couter<\/a><\/sup>\u00a0(<small>en n\u00e9erlandais\u00a0:<\/small>\u00a0<i><span class=\"lang-nl\" lang=\"nl\">Belgi\u00eb<\/span><\/i>\u00a0<span class=\"API nowrap\" title=\"Alphabet phon\u00e9tique international\">\/<a class=\"mw-redirect\" title=\"API \u02c8\" href=\"https:\/\/fr.wikipedia.org\/wiki\/API_%CB%88\"><span title=\"[\u02c8] indique que la syllabe ou voyelle suivante porte l'accent tonique.\">\u02c8<\/span><\/a><a class=\"mw-redirect\" title=\"API b\" href=\"https:\/\/fr.wikipedia.org\/wiki\/API_b\"><span title=\"[b] \u00ab b \u00bb dans \u00ab beau \u00bb.\">b<\/span><\/a><a class=\"mw-redirect\" title=\"API \u025b\" href=\"https:\/\/fr.wikipedia.org\/wiki\/API_%C9%9B\"><span title=\"[\u025b] \u00ab \u00e8 \u00bb dans \u00ab m\u00e8re \u00bb.\">\u025b<\/span><\/a><a class=\"mw-redirect\" title=\"API l\" href=\"https:\/\/fr.wikipedia.org\/wiki\/API_l\"><span title=\"[l] \u00ab l \u00bb dans \u00ab loup \u00bb.\">l<\/span><\/a><a class=\"mw-redirect\" title=\"API \u0263\" href=\"https:\/\/fr.wikipedia.org\/wiki\/API_%C9%A3\"><span title=\"[\u0263] proche de \u00ab r \u00bb dans \u00ab roue \u00bb. En espagnol, \u00ab g \u00bb dans \u00ab algo \u00bb.\">\u0263<\/span><\/a><a class=\"mw-redirect\" title=\"API i\" href=\"https:\/\/fr.wikipedia.org\/wiki\/API_i\"><span title=\"[i] \u00ab i \u00bb dans \u00ab si \u00bb.\">i<\/span><\/a><a class=\"mw-redirect\" title=\"API \u01dd\" href=\"https:\/\/fr.wikipedia.org\/wiki\/API_%C7%9D\">\u01dd<\/a>\/<\/span><sup id=\"cite_ref-4\" class=\"reference\"><a href=\"https:\/\/fr.wikipedia.org\/wiki\/Belgique#cite_note-4\">b<\/a><\/sup>\u00a0<sup class=\"prononciation noprint\"><a title=\"Fichier:Nl-Belgi\u00eb.ogg\" href=\"https:\/\/fr.wikipedia.org\/wiki\/Fichier:Nl-Belgi%C3%AB.ogg\">\u00c9couter<\/a><\/sup>\u00a0;\u00a0<small>en allemand\u00a0:<\/small>\u00a0<i><span class=\"lang-de\" lang=\"de\">Belgien<\/span><\/i>\u00a0<span class=\"API nowrap\" title=\"Alphabet phon\u00e9tique international\">\/<a class=\"mw-redirect\" title=\"API \u02c8\" href=\"https:\/\/fr.wikipedia.org\/wiki\/API_%CB%88\"><span title=\"[\u02c8] indique que la syllabe ou voyelle suivante porte l'accent tonique.\">\u02c8<\/span><\/a><a class=\"mw-redirect\" title=\"API b\" href=\"https:\/\/fr.wikipedia.org\/wiki\/API_b\"><span title=\"[b] \u00ab b \u00bb dans \u00ab beau \u00bb.\">b<\/span><\/a><a class=\"mw-redirect\" title=\"API \u025b\" href=\"https:\/\/fr.wikipedia.org\/wiki\/API_%C9%9B\"><span title=\"[\u025b] \u00ab \u00e8 \u00bb dans \u00ab m\u00e8re \u00bb.\">\u025b<\/span><\/a><a class=\"mw-redirect\" title=\"API l\" href=\"https:\/\/fr.wikipedia.org\/wiki\/API_l\"><span title=\"[l] \u00ab l \u00bb dans \u00ab loup \u00bb.\">l<\/span><\/a><a class=\"mw-redirect\" title=\"API g\" href=\"https:\/\/fr.wikipedia.org\/wiki\/API_g\">g<\/a><a class=\"mw-redirect\" title=\"API i\" href=\"https:\/\/fr.wikipedia.org\/wiki\/API_i\"><span title=\"[i] \u00ab i \u00bb dans \u00ab si \u00bb.\">i<\/span><\/a><a class=\"mw-redirect\" title=\"API \u0259\" href=\"https:\/\/fr.wikipedia.org\/wiki\/API_%C9%99\"><span title=\"[\u0259] \u00ab e \u00bb dans \u00ab refrain \u00bb.\">\u0259<\/span><\/a><a class=\"mw-redirect\" title=\"API n\" href=\"https:\/\/fr.wikipedia.org\/wiki\/API_n\"><span title=\"[n] en fran\u00e7ais \u00ab n \u00bb dans \u00ab nous \u00bb ; ailleurs avec la langue un peu plus en arri\u00e8re.\">n<\/span><\/a>\/<\/span><sup id=\"cite_ref-5\" class=\"reference\"><a href=\"https:\/\/fr.wikipedia.org\/wiki\/Belgique#cite_note-5\">c<\/a><\/sup>\u00a0<sup class=\"prononciation noprint\"><a title=\"Fichier:De-Belgien.ogg\" href=\"https:\/\/fr.wikipedia.org\/wiki\/Fichier:De-Belgien.ogg\">\u00c9couter<\/a><\/sup>), en forme longue le\u00a0<b>royaume de Belgique<\/b><sup id=\"cite_ref-6\" class=\"reference\"><a href=\"https:\/\/fr.wikipedia.org\/wiki\/Belgique#cite_note-6\">d<\/a><\/sup>, est un pays d\u2019<a title=\"Europe\" href=\"https:\/\/fr.wikipedia.org\/wiki\/Europe\">Europe<\/a>\u00a0<a title=\"Europe de l'Ouest\" href=\"https:\/\/fr.wikipedia.org\/wiki\/Europe_de_l%27Ouest\">de l&#8217;Ouest<\/a>, bord\u00e9 par la\u00a0<a title=\"France\" href=\"https:\/\/fr.wikipedia.org\/wiki\/France\">France<\/a>, les\u00a0<a title=\"Pays-Bas\" href=\"https:\/\/fr.wikipedia.org\/wiki\/Pays-Bas\">Pays-Bas<\/a>, l\u2019<a title=\"Allemagne\" href=\"https:\/\/fr.wikipedia.org\/wiki\/Allemagne\">Allemagne<\/a>, le\u00a0<a title=\"Luxembourg\" href=\"https:\/\/fr.wikipedia.org\/wiki\/Luxembourg\">Luxembourg<\/a>\u00a0et la\u00a0<a title=\"Mer du Nord\" href=\"https:\/\/fr.wikipedia.org\/wiki\/Mer_du_Nord\">mer du Nord<\/a>. Politiquement, il s&#8217;agit d\u2019une\u00a0<a title=\"Monarchie constitutionnelle\" href=\"https:\/\/fr.wikipedia.org\/wiki\/Monarchie_constitutionnelle\">monarchie constitutionnelle<\/a>\u00a0<a title=\"\u00c9tat f\u00e9d\u00e9ral\" href=\"https:\/\/fr.wikipedia.org\/wiki\/%C3%89tat_f%C3%A9d%C3%A9ral\">f\u00e9d\u00e9rale<\/a>\u00a0\u00e0\u00a0<a title=\"R\u00e9gime parlementaire\" href=\"https:\/\/fr.wikipedia.org\/wiki\/R%C3%A9gime_parlementaire\">r\u00e9gime parlementaire<\/a>. Elle est l\u2019un des six pays fondateurs de l\u2019<a title=\"Union europ\u00e9enne\" href=\"https:\/\/fr.wikipedia.org\/wiki\/Union_europ%C3%A9enne\">Union europ\u00e9enne<\/a>\u00a0et accueille, dans sa capitale\u00a0<a title=\"Ville de Bruxelles\" href=\"https:\/\/fr.wikipedia.org\/wiki\/Ville_de_Bruxelles\">Bruxelles<\/a>, le\u00a0<a title=\"Conseil de l'Union europ\u00e9enne\" href=\"https:\/\/fr.wikipedia.org\/wiki\/Conseil_de_l%27Union_europ%C3%A9enne\">Conseil de l&#8217;Union europ\u00e9enne<\/a>, la\u00a0<a title=\"Commission europ\u00e9enne\" href=\"https:\/\/fr.wikipedia.org\/wiki\/Commission_europ%C3%A9enne\">Commission europ\u00e9enne<\/a>, les\u00a0<a title=\"Commission parlementaire\" href=\"https:\/\/fr.wikipedia.org\/wiki\/Commission_parlementaire\">Commissions parlementaires<\/a>\u00a0et six sessions pl\u00e9ni\u00e8res additionnelles du\u00a0<a title=\"Parlement europ\u00e9en\" href=\"https:\/\/fr.wikipedia.org\/wiki\/Parlement_europ%C3%A9en\">Parlement europ\u00e9en<\/a>, ainsi que d\u2019autres organisations internationales comme l\u2019<a title=\"Organisation du trait\u00e9 de l'Atlantique nord\" href=\"https:\/\/fr.wikipedia.org\/wiki\/Organisation_du_trait%C3%A9_de_l%27Atlantique_nord\">OTAN<\/a>. Le pays accueille \u00e9galement, \u00e0\u00a0<a title=\"Mons\" href=\"https:\/\/fr.wikipedia.org\/wiki\/Mons\">Mons<\/a>, le\u00a0<a title=\"Grand Quartier g\u00e9n\u00e9ral des puissances alli\u00e9es en Europe\" href=\"https:\/\/fr.wikipedia.org\/wiki\/Grand_Quartier_g%C3%A9n%C3%A9ral_des_puissances_alli%C3%A9es_en_Europe\">Grand Quartier g\u00e9n\u00e9ral des puissances alli\u00e9es en Europe<\/a>\u00a0(SHAPE). La Belgique couvre une superficie de 30\u00a0688\u00a0<abbr class=\"abbr\" title=\"kilom\u00e8tre carr\u00e9\">km<sup>2<\/sup><\/abbr><sup id=\"cite_ref-7\" class=\"reference\"><a href=\"https:\/\/fr.wikipedia.org\/wiki\/Belgique#cite_note-7\">3<\/a><\/sup>\u00a0avec une population de 11\u00a0507\u00a0163\u00a0habitants au\u00a0<time class=\"nowrap date-lien\" datetime=\"2021-01-01\" data-sort-value=\"2021-01-01\"><a title=\"1er janvier\" href=\"https:\/\/fr.wikipedia.org\/wiki\/1er_janvier\">1<sup>er<\/sup><\/a>\u00a0<a title=\"Janvier 2021\" href=\"https:\/\/fr.wikipedia.org\/wiki\/Janvier_2021\">janvier<\/a>\u00a0<a title=\"2021\" href=\"https:\/\/fr.wikipedia.org\/wiki\/2021\">2021<\/a><\/time><sup id=\"cite_ref-population_1-1\" class=\"reference\"><a href=\"https:\/\/fr.wikipedia.org\/wiki\/Belgique#cite_note-population-1\">1<\/a><\/sup>, soit une densit\u00e9 de 373,97\u00a0habitants\/km<sup>2<\/sup>.<\/p>\n<p>Situ\u00e9e \u00e0 mi-chemin entre l\u2019<a title=\"Europe\" href=\"https:\/\/fr.wikipedia.org\/wiki\/Europe\">Europe<\/a>\u00a0<a title=\"Proto-germanique\" href=\"https:\/\/fr.wikipedia.org\/wiki\/Proto-germanique\">germanique<\/a>\u00a0et l\u2019Europe\u00a0<a title=\"Europe latine\" href=\"https:\/\/fr.wikipedia.org\/wiki\/Europe_latine\">romane<\/a>, la Belgique abrite principalement deux groupes linguistiques\u00a0: les\u00a0<a title=\"Fran\u00e7ais\" href=\"https:\/\/fr.wikipedia.org\/wiki\/Fran%C3%A7ais\">francophones<\/a>, membres de la\u00a0<a title=\"Communaut\u00e9 fran\u00e7aise de Belgique\" href=\"https:\/\/fr.wikipedia.org\/wiki\/Communaut%C3%A9_fran%C3%A7aise_de_Belgique\">Communaut\u00e9 fran\u00e7aise<\/a>\u00a0et les\u00a0<a title=\"N\u00e9erlandais\" href=\"https:\/\/fr.wikipedia.org\/wiki\/N%C3%A9erlandais\">n\u00e9erlandophones<\/a>, membres de la\u00a0<a title=\"Communaut\u00e9 flamande\" href=\"https:\/\/fr.wikipedia.org\/wiki\/Communaut%C3%A9_flamande\">Communaut\u00e9 flamande<\/a>. Elle comprend \u00e9galement une minorit\u00e9 germanophone repr\u00e9sentant environ 1\u00a0% de la population et constituant la\u00a0<a title=\"Communaut\u00e9 germanophone de Belgique\" href=\"https:\/\/fr.wikipedia.org\/wiki\/Communaut%C3%A9_germanophone_de_Belgique\">Communaut\u00e9 germanophone de Belgique<\/a>.<\/p>\n<p>Les\u00a0<a title=\"R\u00e9gions de Belgique\" href=\"https:\/\/fr.wikipedia.org\/wiki\/R%C3%A9gions_de_Belgique\">r\u00e9gions administratives de Belgique<\/a>\u00a0sont des entit\u00e9s f\u00e9d\u00e9r\u00e9es comprenant\u00a0: la\u00a0<a title=\"R\u00e9gion de Bruxelles-Capitale\" href=\"https:\/\/fr.wikipedia.org\/wiki\/R%C3%A9gion_de_Bruxelles-Capitale\">R\u00e9gion de Bruxelles-Capitale<\/a>\u00a0au centre, une zone officiellement bilingue mais tr\u00e8s majoritairement francophone, la\u00a0<a title=\"R\u00e9gion flamande\" href=\"https:\/\/fr.wikipedia.org\/wiki\/R%C3%A9gion_flamande\">R\u00e9gion flamande<\/a>\u00a0n\u00e9erlandophone, au nord, et la\u00a0<a title=\"R\u00e9gion wallonne\" href=\"https:\/\/fr.wikipedia.org\/wiki\/R%C3%A9gion_wallonne\">R\u00e9gion wallonne<\/a>\u00a0francophone, au sud<sup id=\"cite_ref-8\" class=\"reference\"><a href=\"https:\/\/fr.wikipedia.org\/wiki\/Belgique#cite_note-8\">4<\/a><\/sup>. C&#8217;est dans l&#8217;est de la r\u00e9gion wallonne que r\u00e9side la\u00a0<a title=\"Communaut\u00e9 germanophone de Belgique\" href=\"https:\/\/fr.wikipedia.org\/wiki\/Communaut%C3%A9_germanophone_de_Belgique\">Communaut\u00e9 germanophone<\/a>, dans les cantons d&#8217;<a title=\"Cantons de l'Est (Belgique)\" href=\"https:\/\/fr.wikipedia.org\/wiki\/Cantons_de_l%27Est_(Belgique)\">Eupen et Malmedy<\/a>, frontaliers avec l&#8217;Allemagne<sup id=\"cite_ref-9\" class=\"reference\"><a href=\"https:\/\/fr.wikipedia.org\/wiki\/Belgique#cite_note-9\">5<\/a><\/sup>.<\/p>\n<p>La diversit\u00e9 linguistique de la Belgique et ses conflits politiques connexes sont refl\u00e9t\u00e9s dans son\u00a0<a title=\"Histoire de la Belgique\" href=\"https:\/\/fr.wikipedia.org\/wiki\/Histoire_de_la_Belgique\">histoire politique<\/a>\u00a0et dans son\u00a0<a title=\"Politique en Belgique\" href=\"https:\/\/fr.wikipedia.org\/wiki\/Politique_en_Belgique\">syst\u00e8me de gouvernement<\/a>\u00a0complexe<sup id=\"cite_ref-bbcnews1_10-0\" class=\"reference\"><a href=\"https:\/\/fr.wikipedia.org\/wiki\/Belgique#cite_note-bbcnews1-10\">6<\/a><\/sup><sup class=\"reference cite_virgule\">,<\/sup><sup id=\"cite_ref-paulderidder_11-0\" class=\"reference\"><a href=\"https:\/\/fr.wikipedia.org\/wiki\/Belgique#cite_note-paulderidder-11\">7<\/a><\/sup>.<\/p>\n<p>Historiquement, la Belgique, le\u00a0<a title=\"Pays-Bas\" href=\"https:\/\/fr.wikipedia.org\/wiki\/Pays-Bas\">royaume des Pays-Bas<\/a>\u00a0et le\u00a0<a title=\"Luxembourg\" href=\"https:\/\/fr.wikipedia.org\/wiki\/Luxembourg\">grand-duch\u00e9 de Luxembourg<\/a>\u00a0\u00e9taient connus, aux\u00a0<abbr class=\"abbr\" title=\"15\u1d49 si\u00e8cle\"><span class=\"romain\">xv<\/span><sup>e<\/sup><\/abbr>\u2009\u2013\u2009<abbr class=\"abbr\" title=\"17\u1d49 si\u00e8cle\"><span class=\"romain\">xvii<\/span><sup>e<\/sup><\/abbr>\u00a0si\u00e8cles, sous le nom de\u00a0<a title=\"Pays-Bas (r\u00e9gion historique)\" href=\"https:\/\/fr.wikipedia.org\/wiki\/Pays-Bas_(r%C3%A9gion_historique)\">Pays-Bas<\/a>, r\u00e9gion qui correspondait \u00e0 un territoire un peu plus vaste que l\u2019actuel\u00a0<a title=\"Benelux\" href=\"https:\/\/fr.wikipedia.org\/wiki\/Benelux\">Benelux<\/a>, puisque les r\u00e9gions de\u00a0<a title=\"Lille\" href=\"https:\/\/fr.wikipedia.org\/wiki\/Lille\">Lille<\/a>,\u00a0<a title=\"Arras\" href=\"https:\/\/fr.wikipedia.org\/wiki\/Arras\">Arras<\/a>,\u00a0<a title=\"Douai\" href=\"https:\/\/fr.wikipedia.org\/wiki\/Douai\">Douai<\/a>,\u00a0<a title=\"Valenciennes\" href=\"https:\/\/fr.wikipedia.org\/wiki\/Valenciennes\">Valenciennes<\/a>,\u00a0<a title=\"Montm\u00e9dy\" href=\"https:\/\/fr.wikipedia.org\/wiki\/Montm%C3%A9dy\">Montm\u00e9dy<\/a>, ou encore\u00a0<a title=\"Thionville\" href=\"https:\/\/fr.wikipedia.org\/wiki\/Thionville\">Thionville<\/a>\u00a0en faisaient partie. La r\u00e9gion qui couvrait donc une partie de la Belgique ainsi que du nord et de l&#8217;est de la\u00a0<a title=\"France\" href=\"https:\/\/fr.wikipedia.org\/wiki\/France\">France<\/a>\u00a0\u00e9tait qualifi\u00e9e de \u00ab\u00a0<i>Belgica<\/i>\u00a0\u00bb dans les documents r\u00e9dig\u00e9s en\u00a0<a title=\"Latin\" href=\"https:\/\/fr.wikipedia.org\/wiki\/Latin\">latin<\/a>, ce qui \u00e9tait le nom qui avait \u00e9t\u00e9 repris pour d\u00e9signer les deux\u00a0<a title=\"Province romaine\" href=\"https:\/\/fr.wikipedia.org\/wiki\/Province_romaine\">provinces romaines<\/a>\u00a0entre lesquelles la\u00a0<i><a class=\"mw-redirect\" title=\"Gallia Belgica\" href=\"https:\/\/fr.wikipedia.org\/wiki\/Gallia_Belgica\">Gallia Belgica<\/a><\/i>, conquise par\u00a0<a title=\"Jules C\u00e9sar\" href=\"https:\/\/fr.wikipedia.org\/wiki\/Jules_C%C3%A9sar\">Jules C\u00e9sar<\/a>\u00a0et cr\u00e9\u00e9e province romaine par\u00a0<a title=\"Auguste\" href=\"https:\/\/fr.wikipedia.org\/wiki\/Auguste\">Auguste<\/a>, fut divis\u00e9e en 297 sous\u00a0<a title=\"Diocl\u00e9tien\" href=\"https:\/\/fr.wikipedia.org\/wiki\/Diocl%C3%A9tien\">Diocl\u00e9tien<\/a>, l&#8217;une, la\u00a0<a title=\"Belgica prima et Belgica secunda\" href=\"https:\/\/fr.wikipedia.org\/wiki\/Belgica_prima_et_Belgica_secunda\">Belgica prima<\/a>\u00a0ayant pour capitale\u00a0<a title=\"Augusta Treverorum\" href=\"https:\/\/fr.wikipedia.org\/wiki\/Augusta_Treverorum\">Tr\u00e8ves<\/a>\u00a0et l&#8217;autre, le Belgica secunda ayant pour capitale\u00a0<a title=\"Durocortorum\" href=\"https:\/\/fr.wikipedia.org\/wiki\/Durocortorum\">Reims<\/a>. De la fin du\u00a0<a title=\"Moyen \u00c2ge\" href=\"https:\/\/fr.wikipedia.org\/wiki\/Moyen_%C3%82ge\">Moyen \u00c2ge<\/a>\u00a0jusqu\u2019au\u00a0<abbr class=\"abbr\" title=\"17\u1d49 si\u00e8cle\"><span class=\"romain\">xvii<\/span><sup>e<\/sup><\/abbr>\u00a0si\u00e8cle, le territoire correspondant \u00e0 la Belgique est un centre commercial et culturel prosp\u00e8re et relativement cosmopolite dans ses principales villes. Du\u00a0<abbr class=\"abbr\" title=\"16\u1d49 si\u00e8cle\"><span class=\"romain\">xvi<\/span><sup>e<\/sup><\/abbr>\u00a0si\u00e8cle jusqu\u2019\u00e0 la\u00a0<a title=\"R\u00e9volution belge\" href=\"https:\/\/fr.wikipedia.org\/wiki\/R%C3%A9volution_belge\">R\u00e9volution belge<\/a>\u00a0en 1830, quand la Belgique fait s\u00e9cession des\u00a0<a title=\"Royaume uni des Pays-Bas\" href=\"https:\/\/fr.wikipedia.org\/wiki\/Royaume_uni_des_Pays-Bas\">Pays-Bas<\/a>, le territoire belge fut le th\u00e9\u00e2tre de nombreuses batailles \u2014\u00a0essentiellement diplomatiques\u00a0\u2014 entre diff\u00e9rentes puissances europ\u00e9ennes, ce qui l\u2019am\u00e8ne \u00e0 \u00eatre qualifi\u00e9 de\u00a0<span class=\"citation\">\u00ab\u00a0Champ de Bataille de l\u2019Europe\u00a0\u00bb<\/span><sup id=\"cite_ref-12\" class=\"reference\"><a href=\"https:\/\/fr.wikipedia.org\/wiki\/Belgique#cite_note-12\">8<\/a><\/sup>, une r\u00e9putation qui fut renforc\u00e9e par les\u00a0<a title=\"Guerre mondiale\" href=\"https:\/\/fr.wikipedia.org\/wiki\/Guerre_mondiale\">Guerres mondiales<\/a>. Depuis son ind\u00e9pendance, la Belgique participa \u00e0 la\u00a0<a title=\"R\u00e9volution industrielle\" href=\"https:\/\/fr.wikipedia.org\/wiki\/R%C3%A9volution_industrielle\">r\u00e9volution industrielle<\/a><sup id=\"cite_ref-Fitzmaurice_13-0\" class=\"reference\"><a href=\"https:\/\/fr.wikipedia.org\/wiki\/Belgique#cite_note-Fitzmaurice-13\">9<\/a><\/sup><sup class=\"reference cite_virgule\">,<\/sup><sup id=\"cite_ref-EUbusiness_14-0\" class=\"reference\"><a href=\"https:\/\/fr.wikipedia.org\/wiki\/Belgique#cite_note-EUbusiness-14\">10<\/a><\/sup>\u00a0et, durant le cours du\u00a0<abbr class=\"abbr\" title=\"20\u1d49 si\u00e8cle\"><span class=\"romain\">xx<\/span><sup>e<\/sup><\/abbr>\u00a0si\u00e8cle, elle poss\u00e9da plusieurs\u00a0<a title=\"Empire colonial belge\" href=\"https:\/\/fr.wikipedia.org\/wiki\/Empire_colonial_belge\">colonies en Afrique<\/a><sup id=\"cite_ref-Karl_15-0\" class=\"reference\"><a href=\"https:\/\/fr.wikipedia.org\/wiki\/Belgique#cite_note-Karl-15\">11<\/a><\/sup>. La deuxi\u00e8me moiti\u00e9 du\u00a0<abbr class=\"abbr\" title=\"20\u1d49 si\u00e8cle\"><span class=\"romain\">xx<\/span><sup>e<\/sup><\/abbr>\u00a0si\u00e8cle a \u00e9t\u00e9 marqu\u00e9e par des tensions entre les\u00a0<a title=\"Flamands\" href=\"https:\/\/fr.wikipedia.org\/wiki\/Flamands\">Flamands<\/a>\u00a0et les\u00a0<a title=\"Wallons\" href=\"https:\/\/fr.wikipedia.org\/wiki\/Wallons\">Wallons<\/a>\u00a0en raison des\u00a0<a title=\"\" href=\"https:\/\/fr.wikipedia.org\/wiki\/Culture_de_la_Belgique\">diff\u00e9rences de langues<\/a>\u00a0et du\u00a0<a title=\"\u00c9conomie de la Belgique\" href=\"https:\/\/fr.wikipedia.org\/wiki\/%C3%89conomie_de_la_Belgique\">d\u00e9veloppement \u00e9conomique in\u00e9gal<\/a>\u00a0des deux r\u00e9gions. Ce conflit a men\u00e9 \u00e0\u00a0<a title=\"F\u00e9d\u00e9ralisme belge\" href=\"https:\/\/fr.wikipedia.org\/wiki\/F%C3%A9d%C3%A9ralisme_belge\">plusieurs r\u00e9formes de grande envergure<\/a>, dont une transition d\u2019un\u00a0<a title=\"\u00c9tat unitaire\" href=\"https:\/\/fr.wikipedia.org\/wiki\/%C3%89tat_unitaire\">\u00c9tat unitaire<\/a>\u00a0\u00e0 un\u00a0<a title=\"\u00c9tat f\u00e9d\u00e9ral\" href=\"https:\/\/fr.wikipedia.org\/wiki\/%C3%89tat_f%C3%A9d%C3%A9ral\">\u00c9tat f\u00e9d\u00e9ral<\/a>.[\/vc_column_text][\/vc_column_inner][\/vc_row_inner]<style>.ld_spacer_69f4dfdd4ff33{height:32px;}<\/style>\n<div class=\"ld-empty-space ld_spacer_69f4dfdd4ff33\"><span class=\"liquid_empty_space_inner\"><\/span><\/div>[vc_row_inner gap=&#8221;5&#8243;][vc_column_inner][vc_custom_heading text=&#8221;Monuments du Belgique&#8221;][vc_media_grid grid_id=&#8221;vc_gid:1703179489977-e71c49625b30579cfafeb0844c5ef2de-5&#8243; include=&#8221;9674,9673,9672,9671,9670,9669,9666,9665&#8243;][\/vc_column_inner][\/vc_row_inner][\/vc_column][vc_column width=&#8221;1\/3&#8243; enable_column_shadowbox=&#8221;yes&#8221; css=&#8221;.vc_custom_1590965255430{padding-top: 5% !important;padding-right: 5% !important;padding-bottom: 5% !important;padding-left: 5% !important;background-color: rgba(255,255,255,0.9) !important;*background-color: rgb(255,255,255) !important;}&#8221; column_box_shadow=&#8221;%5B%7B%22inset%22%3A%22inset%22%2C%22x_offset%22%3A%223%22%2C%22y_offset%22%3A%223%22%2C%22blur_radius%22%3A%223%22%2C%22spread_radius%22%3A%223%22%2C%22shadow_color%22%3A%22rgb(0%2C%200%2C%200)%22%7D%5D&#8221;]<style>.ld_spacer_69f4dfdd4ff83{height:64px;}<\/style>\n<div class=\"ld-empty-space ld_spacer_69f4dfdd4ff83\"><span class=\"liquid_empty_space_inner\"><\/span><\/div><div id=\"ld_team_member_69f4dfdd4ffe3\" class=\"ld-tm d-flex flex-column text-center ld_team_member_69f4dfdd4ffe3\">\n\n\t<div class=\"ld-tm-img mb-3 text-center\"><figure><img loading=\"lazy\" decoding=\"async\" width=\"78\" height=\"78\" src=\"https:\/\/encouragement-public.org\/delegation-belgique\/wp-content\/uploads\/sites\/20\/2023\/12\/GUNNAR.jpg\" class=\"circle\" alt=\"\" \/><\/figure><\/div>\n\t<div class=\"ld-tm-info\">\n\n\t\t<h3 class=\"ld-tm-name size-sm font-weight-semibold mb-3\">Gunnar RIEBS<\/h3>\t\t<h6 class=\"ld-tm-pos text-uppercase ltr-sp-175 font-weight-bold mb-3 color-primary\">D\u00c9L\u00c9GU\u00c9 BELGIQUE<\/h6>\t\t\t\t<ul class=\"ld-tm-social social-icon branded-text mt-3\"><\/ul>\n\t<\/div><!-- \/.ld-tm-info -->\n\n\t\n<\/div><!-- \/.ld-team-member -->[vc_column_text]<\/p>\n<p style=\"text-align: center;\"><strong>Email :\u00a0<\/strong> <a href=\"mailto:belgique@encouragement-public.org\">belgique@encouragement-public.org<\/a><\/p>\n<p style=\"text-align: center;\"><strong>T\u00e9l : <\/strong>&#8230;&#8230;&#8230;&#8230;&#8230;&#8230;&#8230;&#8230;.<\/p>\n<p>[\/vc_column_text]<style>.ld_spacer_69f4dfdd50351{height:32px;}<\/style>\n<div class=\"ld-empty-space ld_spacer_69f4dfdd50351\"><span class=\"liquid_empty_space_inner\"><\/span><\/div>[vc_custom_heading text=&#8221;Contacter le D\u00e9l\u00e9gu\u00e9&#8221; font_container=&#8221;tag:h2|font_size:25|text_align:left|color:%23000000&#8243;]<style>.ld_spacer_69f4dfdd503b1{height:32px;}<\/style>\n<div class=\"ld-empty-space ld_spacer_69f4dfdd503b1\"><span class=\"liquid_empty_space_inner\"><\/span><\/div><style>.ld_cf7_69f4dfdd50446 input,.ld_cf7_69f4dfdd50446 textarea,.ld_cf7_69f4dfdd50446 .ui-selectmenu-button{font-size:14px;}.ld_cf7_69f4dfdd50446 input, .ld_cf7_69f4dfdd50446 select, .ld_cf7_69f4dfdd50446 textarea, .ld_cf7_69f4dfdd50446 .ui-selectmenu-button{color:rgb(3, 3, 3);}<\/style><div id=\"ld_cf7_69f4dfdd50446\" class=\"lqd-contact-form lqd-contact-form-inputs-md lqd-contact-form-inputs-round lqd-contact-form-button-bordered lqd-contact-form-button-border-thick lqd-contact-form-button-sm lqd-contact-form-button-circle ld_cf7_69f4dfdd50446\">\n\t\n<div class=\"wpcf7 no-js\" id=\"wpcf7-f9226-o1\" lang=\"fr-FR\" dir=\"ltr\" data-wpcf7-id=\"9226\">\n<div class=\"screen-reader-response\"><p role=\"status\" aria-live=\"polite\" aria-atomic=\"true\"><\/p> <ul><\/ul><\/div>\n<form action=\"\/delegation-belgique\/wp-json\/wp\/v2\/pages\/9515#wpcf7-f9226-o1\" method=\"post\" class=\"wpcf7-form init\" aria-label=\"Formulaire de contact\" novalidate=\"novalidate\" data-status=\"init\">\n<fieldset class=\"hidden-fields-container\"><input type=\"hidden\" name=\"_wpcf7\" value=\"9226\" \/><input type=\"hidden\" name=\"_wpcf7_version\" value=\"6.1.5\" \/><input type=\"hidden\" name=\"_wpcf7_locale\" value=\"fr_FR\" \/><input type=\"hidden\" name=\"_wpcf7_unit_tag\" value=\"wpcf7-f9226-o1\" \/><input type=\"hidden\" name=\"_wpcf7_container_post\" value=\"0\" \/><input type=\"hidden\" name=\"_wpcf7_posted_data_hash\" value=\"\" \/>\n<\/fieldset>\n<div class=\"row\">\n\t<p class=\"col-md-6\"><br \/>\n<span class=\"wpcf7-form-control-wrap\" data-name=\"first-name\"><input size=\"40\" maxlength=\"400\" class=\"wpcf7-form-control wpcf7-text wpcf7-validates-as-required\" aria-required=\"true\" aria-invalid=\"false\" placeholder=\"Votre pr\u00e9nom\" value=\"\" type=\"text\" name=\"first-name\" \/><\/span>\n\t<\/p>\n\t<p class=\"col-md-6\"><br \/>\n<span class=\"wpcf7-form-control-wrap\" data-name=\"your-name\"><input size=\"40\" maxlength=\"400\" class=\"wpcf7-form-control wpcf7-text wpcf7-validates-as-required\" aria-required=\"true\" aria-invalid=\"false\" placeholder=\"votre nom\" value=\"\" type=\"text\" name=\"your-name\" \/><\/span>\n\t<\/p>\n\t<p class=\"col-md-6\"><br \/>\n<span class=\"wpcf7-form-control-wrap\" data-name=\"your-email\"><input size=\"40\" maxlength=\"400\" class=\"wpcf7-form-control wpcf7-email wpcf7-validates-as-required wpcf7-text wpcf7-validates-as-email\" aria-required=\"true\" aria-invalid=\"false\" placeholder=\"email\" value=\"\" type=\"email\" name=\"your-email\" \/><\/span>\n\t<\/p>\n\t<p class=\"col-md-6\"><br \/>\n<span class=\"wpcf7-form-control-wrap\" data-name=\"your-subject\"><input size=\"40\" maxlength=\"400\" class=\"wpcf7-form-control wpcf7-text wpcf7-validates-as-required\" aria-required=\"true\" aria-invalid=\"false\" placeholder=\"objet\" value=\"\" type=\"text\" name=\"your-subject\" \/><\/span>\n\t<\/p>\n\t<p class=\"col-md-12\"><br \/>\n<span class=\"wpcf7-form-control-wrap\" data-name=\"your-message\"><textarea cols=\"10\" rows=\"4\" maxlength=\"2000\" class=\"wpcf7-form-control wpcf7-textarea wpcf7-validates-as-required\" aria-required=\"true\" aria-invalid=\"false\" placeholder=\"Message\" name=\"your-message\"><\/textarea><\/span>\n\t<\/p>\n\t<p class=\"col-md-12 text-md-right\"><br \/>\n<input class=\"wpcf7-form-control wpcf7-submit has-spinner\" type=\"submit\" value=\"ENVOYER\" \/>\n\t<\/p>\n<\/div><p style=\"display: none !important;\" class=\"akismet-fields-container\" data-prefix=\"_wpcf7_ak_\"><label>&#916;<textarea name=\"_wpcf7_ak_hp_textarea\" cols=\"45\" rows=\"8\" maxlength=\"100\"><\/textarea><\/label><input type=\"hidden\" id=\"ak_js_1\" name=\"_wpcf7_ak_js\" value=\"242\"\/><script type=\"text\/javascript\">\n\/* <![CDATA[ *\/\ndocument.getElementById( \"ak_js_1\" ).setAttribute( \"value\", ( new Date() ).getTime() );\n\/* ]]> *\/\n<\/script>\n<\/p><div class=\"wpcf7-response-output\" aria-hidden=\"true\"><\/div>\n<\/form>\n<\/div>\n<\/div><style>.ld_spacer_69f4dfdd51168{height:32px;}<\/style>\n<div class=\"ld-empty-space ld_spacer_69f4dfdd51168\"><span class=\"liquid_empty_space_inner\"><\/span><\/div>[vc_custom_heading text=&#8221;Adresse de la d\u00e9l\u00e9gation&#8221; font_container=&#8221;tag:h2|font_size:25|text_align:left|color:%23000000&#8243;]<style>.ld_spacer_69f4dfdd511c5{height:32px;}<\/style>\n<div class=\"ld-empty-space ld_spacer_69f4dfdd511c5\"><span class=\"liquid_empty_space_inner\"><\/span><\/div>[vc_column_text]&#8230;&#8230;&#8230;&#8230;&#8230;&#8230;&#8230;&#8230;&#8230;&#8230;&#8230;&#8230;&#8230;&#8230;&#8230;&#8230;&#8230;&#8230;&#8230;&#8230;&#8230;&#8230;&#8230;&#8230;&#8230;&#8230;&#8230;.[\/vc_column_text]<style>.ld_spacer_69f4dfdd51215{height:32px;}<\/style>\n<div class=\"ld-empty-space ld_spacer_69f4dfdd51215\"><span class=\"liquid_empty_space_inner\"><\/span><\/div>[vc_gmaps link=&#8221;#E-8_JTNDaWZyYW1lJTIwc3JjJTNEJTIyaHR0cHMlM0ElMkYlMkZ3d3cuZ29vZ2xlLmNvbSUyRm1hcHMlMkZlbWJlZCUzRnBiJTNEJTIxMW0xOCUyMTFtMTIlMjExbTMlMjExZDEyOTk0NDIuNjU2NjkzOTkwOCUyMTJkMy4zNDQ5NjI1MzI2OTM0OTQlMjEzZDUwLjQ5NzQ0Mjc5MzMzNDI4JTIxMm0zJTIxMWYwJTIxMmYwJTIxM2YwJTIxM20yJTIxMWkxMDI0JTIxMmk3NjglMjE0ZjEzLjElMjEzbTMlMjExbTIlMjExczB4NDdjMTdkNjRlZGYzOTc5NyUyNTNBMHg0N2ViZjJiNDM5ZTYwZmYyJTIxMnNCZWxnaXF1ZSUyMTVlMCUyMTNtMiUyMTFzZnIlMjEyc2ZyJTIxNHYxNjE4MDcwMTk1NzU4JTIxNW0yJTIxMXNmciUyMTJzZnIlMjIlMjB3aWR0aCUzRCUyMjYwMCUyMiUyMGhlaWdodCUzRCUyMjQ1MCUyMiUyMHN0eWxlJTNEJTIyYm9yZGVyJTNBMCUzQiUyMiUyMGFsbG93ZnVsbHNjcmVlbiUzRCUyMiUyMiUyMGxvYWRpbmclM0QlMjJsYXp5JTIyJTNFJTNDJTJGaWZyYW1lJTNF&#8221;][\/vc_column][\/vc_row][vc_row bg_type=&#8221;bg_color&#8221; bg_color_value=&#8221;#ffffff&#8221;][vc_column][vc_column_text]<small><a href=\"http:\/\/creativecommons.org\/licenses\/by-sa\/3.0\/deed.fr\">Contenu soumis \u00e0 la licence CC-BY-SA<\/a>. Source : Article <em><a href=\"http:\/\/fr.wikipedia.org\/wiki\/Belgique\">Belgique<\/a><\/em> de <a href=\"http:\/\/fr.wikipedia.org\/\">Wikip\u00e9dia en fran\u00e7ais<\/a> <a href=\"http:\/\/fr.wikipedia.org\/w\/index.php?title=Belgique&amp;action=history\">auteurs<\/a><\/small>[\/vc_column_text][\/vc_column][\/vc_row]<\/p>\n<\/div>","protected":false},"excerpt":{"rendered":"<p>[vc_row][vc_column][vc_custom_heading text=&#8221;D\u00c9L\u00c9GATION BELGIQUE&#8221; font_container=&#8221;tag:h1|text_align:left|color:%2356bf33&#8243; css=&#8221;.vc_custom_1618070133819{background-color: rgba(255,255,255,0.01) !important;*background-color: rgb(255,255,255) !important;}&#8221;][vc_column_text][\/vc_column_text][\/vc_column][\/vc_row][vc_row gap=&#8221;10&#8243; enable_loading_bg=&#8221;yes&#8221; bg_position=&#8221;center center&#8221; css=&#8221;.vc_custom_1590965269814{padding-top: 5%&#8230;<\/p>\n","protected":false},"author":1,"featured_media":0,"parent":0,"menu_order":0,"comment_status":"closed","ping_status":"closed","template":"","meta":{"footnotes":""},"class_list":["post-9515","page","type-page","status-publish","hentry"],"yoast_head":"<!-- This site is optimized with the Yoast SEO plugin v27.5 - https:\/\/yoast.com\/product\/yoast-seo-wordpress\/ -->\n<title>D\u00c9L\u00c9GATION BELGIQUE - D\u00e9l\u00e9gation Belgique<\/title>\n<meta name=\"robots\" content=\"index, follow, max-snippet:-1, max-image-preview:large, max-video-preview:-1\" \/>\n<link rel=\"canonical\" href=\"https:\/\/encouragement-public.org\/delegation-belgique\/delegation-belgique\/\" \/>\n<meta property=\"og:locale\" content=\"fr_FR\" \/>\n<meta property=\"og:type\" content=\"article\" \/>\n<meta property=\"og:title\" content=\"D\u00c9L\u00c9GATION BELGIQUE - D\u00e9l\u00e9gation Belgique\" \/>\n<meta property=\"og:description\" content=\"[vc_row][vc_column][vc_custom_heading text=&#8221;D\u00c9L\u00c9GATION BELGIQUE&#8221; font_container=&#8221;tag:h1|text_align:left|color:%2356bf33&#8243; css=&#8221;.vc_custom_1618070133819{background-color: rgba(255,255,255,0.01) !important;*background-color: rgb(255,255,255) !important;}&#8221;][vc_column_text][\/vc_column_text][\/vc_column][\/vc_row][vc_row gap=&#8221;10&#8243; enable_loading_bg=&#8221;yes&#8221; bg_position=&#8221;center center&#8221; css=&#8221;.vc_custom_1590965269814{padding-top: 5%...\" \/>\n<meta property=\"og:url\" content=\"https:\/\/encouragement-public.org\/delegation-belgique\/delegation-belgique\/\" \/>\n<meta property=\"og:site_name\" content=\"D\u00e9l\u00e9gation Belgique\" \/>\n<meta property=\"article:modified_time\" content=\"2023-12-21T17:26:18+00:00\" \/>\n<meta name=\"twitter:card\" content=\"summary_large_image\" \/>\n<meta name=\"twitter:label1\" content=\"Dur\u00e9e de lecture estim\u00e9e\" \/>\n\t<meta name=\"twitter:data1\" content=\"6 minutes\" \/>\n<script type=\"application\/ld+json\" class=\"yoast-schema-graph\">{\"@context\":\"https:\\\/\\\/schema.org\",\"@graph\":[{\"@type\":\"WebPage\",\"@id\":\"https:\\\/\\\/encouragement-public.org\\\/delegation-belgique\\\/delegation-belgique\\\/\",\"url\":\"https:\\\/\\\/encouragement-public.org\\\/delegation-belgique\\\/delegation-belgique\\\/\",\"name\":\"D\u00c9L\u00c9GATION BELGIQUE - D\u00e9l\u00e9gation Belgique\",\"isPartOf\":{\"@id\":\"https:\\\/\\\/encouragement-public.org\\\/delegation-belgique\\\/#website\"},\"datePublished\":\"2020-10-04T19:15:32+00:00\",\"dateModified\":\"2023-12-21T17:26:18+00:00\",\"breadcrumb\":{\"@id\":\"https:\\\/\\\/encouragement-public.org\\\/delegation-belgique\\\/delegation-belgique\\\/#breadcrumb\"},\"inLanguage\":\"fr-FR\",\"potentialAction\":[{\"@type\":\"ReadAction\",\"target\":[\"https:\\\/\\\/encouragement-public.org\\\/delegation-belgique\\\/delegation-belgique\\\/\"]}]},{\"@type\":\"BreadcrumbList\",\"@id\":\"https:\\\/\\\/encouragement-public.org\\\/delegation-belgique\\\/delegation-belgique\\\/#breadcrumb\",\"itemListElement\":[{\"@type\":\"ListItem\",\"position\":1,\"name\":\"Accueil\",\"item\":\"https:\\\/\\\/encouragement-public.org\\\/delegation-belgique\\\/\"},{\"@type\":\"ListItem\",\"position\":2,\"name\":\"D\u00c9L\u00c9GATION BELGIQUE\"}]},{\"@type\":\"WebSite\",\"@id\":\"https:\\\/\\\/encouragement-public.org\\\/delegation-belgique\\\/#website\",\"url\":\"https:\\\/\\\/encouragement-public.org\\\/delegation-belgique\\\/\",\"name\":\"D\u00e9l\u00e9gation Belgique\",\"description\":\"Savoir r\u00e9compenser le m\u00e9rite\",\"potentialAction\":[{\"@type\":\"SearchAction\",\"target\":{\"@type\":\"EntryPoint\",\"urlTemplate\":\"https:\\\/\\\/encouragement-public.org\\\/delegation-belgique\\\/?s={search_term_string}\"},\"query-input\":{\"@type\":\"PropertyValueSpecification\",\"valueRequired\":true,\"valueName\":\"search_term_string\"}}],\"inLanguage\":\"fr-FR\"}]}<\/script>\n<!-- \/ Yoast SEO plugin. -->","yoast_head_json":{"title":"D\u00c9L\u00c9GATION BELGIQUE - D\u00e9l\u00e9gation Belgique","robots":{"index":"index","follow":"follow","max-snippet":"max-snippet:-1","max-image-preview":"max-image-preview:large","max-video-preview":"max-video-preview:-1"},"canonical":"https:\/\/encouragement-public.org\/delegation-belgique\/delegation-belgique\/","og_locale":"fr_FR","og_type":"article","og_title":"D\u00c9L\u00c9GATION BELGIQUE - D\u00e9l\u00e9gation Belgique","og_description":"[vc_row][vc_column][vc_custom_heading text=&#8221;D\u00c9L\u00c9GATION BELGIQUE&#8221; font_container=&#8221;tag:h1|text_align:left|color:%2356bf33&#8243; css=&#8221;.vc_custom_1618070133819{background-color: rgba(255,255,255,0.01) !important;*background-color: rgb(255,255,255) !important;}&#8221;][vc_column_text][\/vc_column_text][\/vc_column][\/vc_row][vc_row gap=&#8221;10&#8243; enable_loading_bg=&#8221;yes&#8221; bg_position=&#8221;center center&#8221; css=&#8221;.vc_custom_1590965269814{padding-top: 5%...","og_url":"https:\/\/encouragement-public.org\/delegation-belgique\/delegation-belgique\/","og_site_name":"D\u00e9l\u00e9gation Belgique","article_modified_time":"2023-12-21T17:26:18+00:00","twitter_card":"summary_large_image","twitter_misc":{"Dur\u00e9e de lecture estim\u00e9e":"6 minutes"},"schema":{"@context":"https:\/\/schema.org","@graph":[{"@type":"WebPage","@id":"https:\/\/encouragement-public.org\/delegation-belgique\/delegation-belgique\/","url":"https:\/\/encouragement-public.org\/delegation-belgique\/delegation-belgique\/","name":"D\u00c9L\u00c9GATION BELGIQUE - D\u00e9l\u00e9gation Belgique","isPartOf":{"@id":"https:\/\/encouragement-public.org\/delegation-belgique\/#website"},"datePublished":"2020-10-04T19:15:32+00:00","dateModified":"2023-12-21T17:26:18+00:00","breadcrumb":{"@id":"https:\/\/encouragement-public.org\/delegation-belgique\/delegation-belgique\/#breadcrumb"},"inLanguage":"fr-FR","potentialAction":[{"@type":"ReadAction","target":["https:\/\/encouragement-public.org\/delegation-belgique\/delegation-belgique\/"]}]},{"@type":"BreadcrumbList","@id":"https:\/\/encouragement-public.org\/delegation-belgique\/delegation-belgique\/#breadcrumb","itemListElement":[{"@type":"ListItem","position":1,"name":"Accueil","item":"https:\/\/encouragement-public.org\/delegation-belgique\/"},{"@type":"ListItem","position":2,"name":"D\u00c9L\u00c9GATION BELGIQUE"}]},{"@type":"WebSite","@id":"https:\/\/encouragement-public.org\/delegation-belgique\/#website","url":"https:\/\/encouragement-public.org\/delegation-belgique\/","name":"D\u00e9l\u00e9gation Belgique","description":"Savoir r\u00e9compenser le m\u00e9rite","potentialAction":[{"@type":"SearchAction","target":{"@type":"EntryPoint","urlTemplate":"https:\/\/encouragement-public.org\/delegation-belgique\/?s={search_term_string}"},"query-input":{"@type":"PropertyValueSpecification","valueRequired":true,"valueName":"search_term_string"}}],"inLanguage":"fr-FR"}]}},"_links":{"self":[{"href":"https:\/\/encouragement-public.org\/delegation-belgique\/wp-json\/wp\/v2\/pages\/9515","targetHints":{"allow":["GET"]}}],"collection":[{"href":"https:\/\/encouragement-public.org\/delegation-belgique\/wp-json\/wp\/v2\/pages"}],"about":[{"href":"https:\/\/encouragement-public.org\/delegation-belgique\/wp-json\/wp\/v2\/types\/page"}],"author":[{"embeddable":true,"href":"https:\/\/encouragement-public.org\/delegation-belgique\/wp-json\/wp\/v2\/users\/1"}],"replies":[{"embeddable":true,"href":"https:\/\/encouragement-public.org\/delegation-belgique\/wp-json\/wp\/v2\/comments?post=9515"}],"version-history":[{"count":29,"href":"https:\/\/encouragement-public.org\/delegation-belgique\/wp-json\/wp\/v2\/pages\/9515\/revisions"}],"predecessor-version":[{"id":9736,"href":"https:\/\/encouragement-public.org\/delegation-belgique\/wp-json\/wp\/v2\/pages\/9515\/revisions\/9736"}],"wp:attachment":[{"href":"https:\/\/encouragement-public.org\/delegation-belgique\/wp-json\/wp\/v2\/media?parent=9515"}],"curies":[{"name":"wp","href":"https:\/\/api.w.org\/{rel}","templated":true}]}}