{"id":9515,"date":"2020-10-04T19:15:32","date_gmt":"2020-10-04T19:15:32","guid":{"rendered":"https:\/\/encouragement-public.org\/delegation-maroc\/?page_id=9515"},"modified":"2022-09-27T11:14:49","modified_gmt":"2022-09-27T11:14:49","slug":"delegation-maroc","status":"publish","type":"page","link":"https:\/\/encouragement-public.org\/delegation-maroc\/delegation-maroc\/","title":{"rendered":"D\u00c9L\u00c9GATION MAROC"},"content":{"rendered":"<div class=\"wpb-content-wrapper\"><p>[vc_row bg_type=&#8221;image&#8221; parallax_style=&#8221;vcpb-vz-jquery&#8221; bg_image_new=&#8221;id^9780|url^https:\/\/encouragement-public.org\/delegation-maroc\/wp-content\/uploads\/sites\/19\/2021\/04\/La_grande_mosquee_hassan_I-bgI-1-scaled.jpg|caption^La_grande_mosqu\u00e9e_hassan_I-bgI|alt^La_grande_mosqu\u00e9e_hassan_I-bgI|title^La_grande_mosqu\u00e9e_hassan_I-bgI|description^null&#8221; bg_image_repeat=&#8221;no-repeat&#8221; disable_on_mobile_img_parallax=&#8221;disable_on_mobile_img_parallax_value&#8221;][vc_column]<style>.ld_spacer_69f2a1785b579{height:64px;}<\/style>\n<div class=\"ld-empty-space ld_spacer_69f2a1785b579\"><span class=\"liquid_empty_space_inner\"><\/span><\/div>[vc_custom_heading text=&#8221;D\u00c9L\u00c9GATION DU ROYAUME DU MAROC&#8221; font_container=&#8221;tag:h1|text_align:left|color:%2356bf33&#8243; css=&#8221;.vc_custom_1664277239994{background-color: rgba(255,255,255,0.01) !important;*background-color: rgb(255,255,255) !important;}&#8221;][vc_column_text]\t\t\t<!-- Flexy Breadcrumb -->\r\n\t\t\t<div class=\"fbc fbc-page\">\r\n\r\n\t\t\t\t<!-- Breadcrumb wrapper -->\r\n\t\t\t\t<div class=\"fbc-wrap\">\r\n\r\n\t\t\t\t\t<!-- Ordered list-->\r\n\t\t\t\t\t<ol class=\"fbc-items\" itemscope itemtype=\"https:\/\/schema.org\/BreadcrumbList\">\r\n\t\t\t\t\t\t            <li itemprop=\"itemListElement\" itemscope itemtype=\"https:\/\/schema.org\/ListItem\">\r\n                <span itemprop=\"name\">\r\n                    <!-- Home Link -->\r\n                    <a itemprop=\"item\" href=\"https:\/\/encouragement-public.org\/delegation-maroc\">\r\n                    \r\n                        ACCUEIL                    <\/a>\r\n                <\/span>\r\n                <meta itemprop=\"position\" content=\"1\" \/><!-- Meta Position-->\r\n             <\/li><li><span class=\"fbc-separator\"> > <\/span><\/li><li class=\"active\" itemprop=\"itemListElement\" itemscope itemtype=\"https:\/\/schema.org\/ListItem\"><span itemprop=\"name\" title=\"D\u00c9L\u00c9GATION MAROC\">D\u00c9L\u00c9GATION MAROC<\/span><meta itemprop=\"position\" content=\"2\" \/><\/li>\t\t\t\t\t<\/ol>\r\n\t\t\t\t\t<div class=\"clearfix\"><\/div>\r\n\t\t\t\t<\/div>\r\n\t\t\t<\/div>\r\n\t\t\t [\/vc_column_text]<style>.ld_spacer_69f2a1785b7de{height:64px;}<\/style>\n<div class=\"ld-empty-space ld_spacer_69f2a1785b7de\"><span class=\"liquid_empty_space_inner\"><\/span><\/div>[vc_row_inner][vc_column_inner width=&#8221;2\/3&#8243; css=&#8221;.vc_custom_1620053865780{padding: 10px !important;background-color: rgba(255,255,255,0.9) !important;*background-color: rgb(255,255,255) !important;}&#8221;]<style>.ld_spacer_69f2a1785b858{height:64px;}<\/style>\n<div class=\"ld-empty-space ld_spacer_69f2a1785b858\"><span class=\"liquid_empty_space_inner\"><\/span><\/div>[vc_custom_heading text=&#8221;Royaume du Maroc&#8221; font_container=&#8221;tag:h1|text_align:left&#8221;][vc_single_image image=&#8221;9893&#8243; img_size=&#8221;full&#8221;]<style>.ld_spacer_69f2a1785b8be{height:64px;}<\/style>\n<div class=\"ld-empty-space ld_spacer_69f2a1785b8be\"><span class=\"liquid_empty_space_inner\"><\/span><\/div>[vc_column_text]<\/p>\n<h3><strong>Donn\u00e9es g\u00e9n\u00e9rales<\/strong><\/h3>\n<p>Nature du r\u00e9gime\u00a0: Monarchie<br \/>\nChef de l\u2019Etat\u00a0: Le Roi Mohammed VI (intronis\u00e9 le 30 juillet 1999)<br \/>\nChef de gouvernement\u00a0: M.\u00a0Saad Eddine El Othmani (PJD, nomm\u00e9 le 5 avril 2017)<\/p>\n<h3><strong>Donn\u00e9es g\u00e9ographiques<\/strong><\/h3>\n<p>Superficie\u00a0: 446.550 Km2<br \/>\nCapitale\u00a0: Rabat<br \/>\nVilles principales\u00a0: Casablanca, F\u00e8s, Tanger, Mekn\u00e8s, Marrakech, Sal\u00e9, Agadir<br \/>\nLangue(s) officielle(s)\u00a0: arabe, tamazight<br \/>\nLangue(s) courante(s)\u00a0: arabe dialectal (darija), langues berb\u00e8res, fran\u00e7ais (commerce, politique, diplomatie)<br \/>\nMonnaie\u00a0: dirham marocain 1 euro = \u00b1 10,8 MAD<br \/>\nF\u00eate nationale\u00a0: 30 juillet (F\u00eate du Tr\u00f4ne)<\/p>\n<h3><strong>Donn\u00e9es d\u00e9mographiques<\/strong><\/h3>\n<p>Population\u00a0: 36,9 millions d\u2019habitants<br \/>\nDensit\u00e9\u00a0: 79 hab.\/Km2<br \/>\nCroissance d\u00e9mographique\u00a0: 1,3\u00a0%<br \/>\nEsp\u00e9rance de vie\u00a0: 77 ans<br \/>\nTaux d\u2019alphab\u00e9tisation\u00a0: 73,8\u00a0%<\/p>\n<p>Religion(s)\u00a0: islam sunnite de rite mal\u00e9kite (99\u00a0%), christianisme, juda\u00efsme (1\u00a0%)<br \/>\nIndice de d\u00e9veloppement humain\u00a0: 0.686, 121\u00e8me (classement 2019)[\/vc_column_text]<style>.ld_spacer_69f2a1785b91b{height:32px;}<\/style>\n<div class=\"ld-empty-space ld_spacer_69f2a1785b91b\"><span class=\"liquid_empty_space_inner\"><\/span><\/div>[\/vc_column_inner][vc_column_inner width=&#8221;1\/3&#8243; css=&#8221;.vc_custom_1620053846230{padding: 10px !important;background-color: rgba(255,255,255,0.9) !important;*background-color: rgb(255,255,255) !important;}&#8221;]<style>.ld_spacer_69f2a1785b97f{height:64px;}<\/style>\n<div class=\"ld-empty-space ld_spacer_69f2a1785b97f\"><span class=\"liquid_empty_space_inner\"><\/span><\/div><div id=\"ld_team_member_69f2a1785b9e3\" class=\"ld-tm d-flex flex-column text-center ld_team_member_69f2a1785b9e3\">\n\n\t<div class=\"ld-tm-img mb-3 text-center\"><figure><img loading=\"lazy\" decoding=\"async\" width=\"419\" height=\"472\" src=\"https:\/\/encouragement-public.org\/delegation-maroc\/wp-content\/uploads\/sites\/19\/2021\/04\/Michel-BOYER-2-1.jpg\" class=\"circle\" alt=\"Michel BOYER\" srcset=\"https:\/\/encouragement-public.org\/delegation-maroc\/wp-content\/uploads\/sites\/19\/2021\/04\/Michel-BOYER-2-1.jpg 419w, https:\/\/encouragement-public.org\/delegation-maroc\/wp-content\/uploads\/sites\/19\/2021\/04\/Michel-BOYER-2-1-266x300.jpg 266w\" sizes=\"auto, (max-width: 419px) 100vw, 419px\" \/><\/figure><\/div>\n\t<div class=\"ld-tm-info\">\n\n\t\t<h3 class=\"ld-tm-name size-sm font-weight-semibold mb-3\">Michel BOYER<\/h3>\t\t<h6 class=\"ld-tm-pos text-uppercase ltr-sp-175 font-weight-bold mb-3 color-primary\">D\u00c9L\u00c9GU\u00c9<\/h6>\t\t\t\t<ul class=\"ld-tm-social social-icon branded-text mt-3\"><\/ul>\n\t<\/div><!-- \/.ld-tm-info -->\n\n\t\n<\/div><!-- \/.ld-team-member -->[vc_column_text]<\/p>\n<p style=\"text-align: center;\"><strong>Email : <\/strong><a href=\"mailto:boyer@encouragement-public.org\">boyer@encouragement-public.org<\/a><\/p>\n<p style=\"text-align: center;\"><strong>T\u00e9l :<\/strong>+212 &#8230;&#8230;&#8230;&#8230;&#8230;&#8230;&#8230;&#8230;.<\/p>\n<div class=\"header-module\">\n<div id=\"ld_header_iconbox_6066eb0358d87\" class=\"iconbox iconbox-side iconbox-custom ld_header_iconbox_6066eb0358d87\">\n<div class=\"iconbox-icon-wrap\"><\/div>\n<\/div>\n<\/div>\n<p>[\/vc_column_text]<style>.ld_spacer_69f2a1785be82{height:32px;}<\/style>\n<div class=\"ld-empty-space ld_spacer_69f2a1785be82\"><span class=\"liquid_empty_space_inner\"><\/span><\/div>[vc_custom_heading text=&#8221;Contacter le D\u00e9l\u00e9gu\u00e9&#8221; font_container=&#8221;tag:h2|font_size:25|text_align:left|color:%23000000&#8243;]<style>.ld_spacer_69f2a1785bef9{height:32px;}<\/style>\n<div class=\"ld-empty-space ld_spacer_69f2a1785bef9\"><span class=\"liquid_empty_space_inner\"><\/span><\/div><style>.ld_cf7_69f2a1785bfa6 input,.ld_cf7_69f2a1785bfa6 textarea,.ld_cf7_69f2a1785bfa6 .ui-selectmenu-button{font-size:14px;}.ld_cf7_69f2a1785bfa6 input, .ld_cf7_69f2a1785bfa6 select, .ld_cf7_69f2a1785bfa6 textarea, .ld_cf7_69f2a1785bfa6 .ui-selectmenu-button{color:rgb(3, 3, 3);}<\/style><div id=\"ld_cf7_69f2a1785bfa6\" class=\"lqd-contact-form lqd-contact-form-inputs-md lqd-contact-form-inputs-round lqd-contact-form-button-bordered lqd-contact-form-button-border-thick lqd-contact-form-button-sm lqd-contact-form-button-circle ld_cf7_69f2a1785bfa6\">\n\t\n<div class=\"wpcf7 no-js\" id=\"wpcf7-f9226-o1\" lang=\"fr-FR\" dir=\"ltr\" data-wpcf7-id=\"9226\">\n<div class=\"screen-reader-response\"><p role=\"status\" aria-live=\"polite\" aria-atomic=\"true\"><\/p> <ul><\/ul><\/div>\n<form action=\"\/delegation-maroc\/wp-json\/wp\/v2\/pages\/9515#wpcf7-f9226-o1\" method=\"post\" class=\"wpcf7-form init\" aria-label=\"Formulaire de contact\" novalidate=\"novalidate\" data-status=\"init\">\n<fieldset class=\"hidden-fields-container\"><input type=\"hidden\" name=\"_wpcf7\" value=\"9226\" \/><input type=\"hidden\" name=\"_wpcf7_version\" value=\"6.1.5\" \/><input type=\"hidden\" name=\"_wpcf7_locale\" value=\"fr_FR\" \/><input type=\"hidden\" name=\"_wpcf7_unit_tag\" value=\"wpcf7-f9226-o1\" \/><input type=\"hidden\" name=\"_wpcf7_container_post\" value=\"0\" \/><input type=\"hidden\" name=\"_wpcf7_posted_data_hash\" value=\"\" \/>\n<\/fieldset>\n<div class=\"row\">\n\t<p class=\"col-md-6\"><br \/>\n<span class=\"wpcf7-form-control-wrap\" data-name=\"first-name\"><input size=\"40\" maxlength=\"400\" class=\"wpcf7-form-control wpcf7-text wpcf7-validates-as-required\" aria-required=\"true\" aria-invalid=\"false\" placeholder=\"Votre pr\u00e9nom\" value=\"\" type=\"text\" name=\"first-name\" \/><\/span>\n\t<\/p>\n\t<p class=\"col-md-6\"><br \/>\n<span class=\"wpcf7-form-control-wrap\" data-name=\"your-name\"><input size=\"40\" maxlength=\"400\" class=\"wpcf7-form-control wpcf7-text wpcf7-validates-as-required\" aria-required=\"true\" aria-invalid=\"false\" placeholder=\"votre nom\" value=\"\" type=\"text\" name=\"your-name\" \/><\/span>\n\t<\/p>\n\t<p class=\"col-md-6\"><br \/>\n<span class=\"wpcf7-form-control-wrap\" data-name=\"your-email\"><input size=\"40\" maxlength=\"400\" class=\"wpcf7-form-control wpcf7-email wpcf7-validates-as-required wpcf7-text wpcf7-validates-as-email\" aria-required=\"true\" aria-invalid=\"false\" placeholder=\"email\" value=\"\" type=\"email\" name=\"your-email\" \/><\/span>\n\t<\/p>\n\t<p class=\"col-md-6\"><br \/>\n<span class=\"wpcf7-form-control-wrap\" data-name=\"your-subject\"><input size=\"40\" maxlength=\"400\" class=\"wpcf7-form-control wpcf7-text wpcf7-validates-as-required\" aria-required=\"true\" aria-invalid=\"false\" placeholder=\"objet\" value=\"\" type=\"text\" name=\"your-subject\" \/><\/span>\n\t<\/p>\n\t<p class=\"col-md-12\"><br \/>\n<span class=\"wpcf7-form-control-wrap\" data-name=\"your-message\"><textarea cols=\"10\" rows=\"4\" maxlength=\"2000\" class=\"wpcf7-form-control wpcf7-textarea wpcf7-validates-as-required\" aria-required=\"true\" aria-invalid=\"false\" placeholder=\"Message\" name=\"your-message\"><\/textarea><\/span>\n\t<\/p>\n\t<p class=\"col-md-12 text-md-right\"><br \/>\n<input class=\"wpcf7-form-control wpcf7-submit has-spinner\" type=\"submit\" value=\"ENVOYER\" \/>\n\t<\/p>\n<\/div><p style=\"display: none !important;\" class=\"akismet-fields-container\" data-prefix=\"_wpcf7_ak_\"><label>&#916;<textarea name=\"_wpcf7_ak_hp_textarea\" cols=\"45\" rows=\"8\" maxlength=\"100\"><\/textarea><\/label><input type=\"hidden\" id=\"ak_js_1\" name=\"_wpcf7_ak_js\" value=\"237\"\/><script type=\"text\/javascript\">\n\/* <![CDATA[ *\/\ndocument.getElementById( \"ak_js_1\" ).setAttribute( \"value\", ( new Date() ).getTime() );\n\/* ]]> *\/\n<\/script>\n<\/p><div class=\"wpcf7-response-output\" aria-hidden=\"true\"><\/div>\n<\/form>\n<\/div>\n<\/div><style>.ld_spacer_69f2a1785ccf6{height:32px;}<\/style>\n<div class=\"ld-empty-space ld_spacer_69f2a1785ccf6\"><span class=\"liquid_empty_space_inner\"><\/span><\/div>[vc_custom_heading text=&#8221;Adresse de la d\u00e9l\u00e9gation&#8221; font_container=&#8221;tag:h2|font_size:25|text_align:left|color:%23000000&#8243;]<style>.ld_spacer_69f2a1785cd6f{height:32px;}<\/style>\n<div class=\"ld-empty-space ld_spacer_69f2a1785cd6f\"><span class=\"liquid_empty_space_inner\"><\/span><\/div>[vc_column_text]&#8230;&#8230;&#8230;&#8230;&#8230;&#8230;&#8230;&#8230;&#8230;&#8230;&#8230;&#8230;&#8230;&#8230;&#8230;&#8230;&#8230;&#8230;&#8230;&#8230;&#8230;&#8230;&#8230;&#8230;&#8230;&#8230;&#8230;.[\/vc_column_text]<style>.ld_spacer_69f2a1785cdcb{height:32px;}<\/style>\n<div class=\"ld-empty-space ld_spacer_69f2a1785cdcb\"><span class=\"liquid_empty_space_inner\"><\/span><\/div><style>.ld_spacer_69f2a1785ce29{height:50px;}<\/style>\n<div class=\"ld-empty-space ld_spacer_69f2a1785ce29\"><span class=\"liquid_empty_space_inner\"><\/span><\/div>[\/vc_column_inner][\/vc_row_inner]<style>.ld_spacer_69f2a1785ce83{height:64px;}<\/style>\n<div class=\"ld-empty-space ld_spacer_69f2a1785ce83\"><span class=\"liquid_empty_space_inner\"><\/span><\/div>[\/vc_column][\/vc_row][vc_row bg_type=&#8221;bg_color&#8221; bg_color_value=&#8221;#ffffff&#8221;][vc_column]<style>.ld_spacer_69f2a1785ceda{height:64px;}<\/style>\n<div class=\"ld-empty-space ld_spacer_69f2a1785ceda\"><span class=\"liquid_empty_space_inner\"><\/span><\/div>[vc_custom_heading text=&#8221;Hymne national&#8221; font_container=&#8221;tag:h2|text_align:center&#8221;]<style>.ld_spacer_69f2a1785cf2b{height:32px;}<\/style>\n<div class=\"ld-empty-space ld_spacer_69f2a1785cf2b\"><span class=\"liquid_empty_space_inner\"><\/span><\/div>[vc_row_inner][vc_column_inner width=&#8221;1\/2&#8243;][vc_column_text]<\/p>\n<p style=\"text-align: right;\">Berceau des hommes libres<br \/>\nlevant des lumi\u00e8res<br \/>\nTerre de souverainet\u00e9 et terre de paix<br \/>\nPuissent souverainet\u00e9 et paix y \u00eatre \u00e0 jamais r\u00e9unis<br \/>\nTu as v\u00e9cu parmi des nations<br \/>\nTel un titre sublime<br \/>\nEmplissant chaque c\u0153ur<br \/>\nD\u00e9clam\u00e9 par chaque langue<br \/>\nPar l&#8217;\u00e2me<br \/>\nPar le corps<br \/>\nTon champion s&#8217;est lev\u00e9<br \/>\nEt a r\u00e9pondu \u00e0 ton appel<br \/>\nEt dans ma bouche, et dans mon sang<br \/>\nTon amour a secou\u00e9 lumi\u00e8re et braises<br \/>\nMes fr\u00e8res, allons<br \/>\nVers ce qu&#8217;il y a de plus haut<br \/>\nNous proclamerons au monde<br \/>\nQue c&#8217;est ici que nous vivons<br \/>\nAvec pour devise<br \/>\nDieu, la Patrie et le Roi<\/p>\n<p>[\/vc_column_text][\/vc_column_inner][vc_column_inner width=&#8221;1\/2&#8243;][vc_single_image image=&#8221;9729&#8243; img_size=&#8221;full&#8221;][\/vc_column_inner][\/vc_row_inner]<style>.ld_spacer_69f2a1785cf7f{height:64px;}<\/style>\n<div class=\"ld-empty-space ld_spacer_69f2a1785cf7f\"><span class=\"liquid_empty_space_inner\"><\/span><\/div>[\/vc_column][\/vc_row][vc_row bg_type=&#8221;bg_color&#8221; bg_color_value=&#8221;#ededed&#8221;][vc_column]<style>.ld_spacer_69f2a1785cfd1{height:64px;}<\/style>\n<div class=\"ld-empty-space ld_spacer_69f2a1785cfd1\"><span class=\"liquid_empty_space_inner\"><\/span><\/div>[vc_row_inner][vc_column_inner][vc_column_text]<\/p>\n<h1 style=\"text-align: center;\">Dynamiques et enjeux dans un espace mondial globalis\u00e9<\/h1>\n<p><strong>\u00a0<\/strong><\/p>\n<p>Le Maroc d\u00e8s 1995, int\u00e8gre l\u2019OMC (organisation internationale de commerce) et se lance dans une logique d\u2019int\u00e9gration au vaste march\u00e9 global, en menant de nombreux accords de libre-\u00e9change notamment avec l\u2019Union Europ\u00e9enne, ou encore les \u00c9tats-Unis et certains pays arabes par le trait\u00e9 d\u2019Agadir. Cette ouverture vers le monde a continu\u00e9 \u00e0 prendre de la vitesse avec le r\u00e8gne de Mohamed VI, qui en contraste avec son p\u00e8re Hassan II, vise \u00e0 mener une politique plus moderne. Pour le monarque, il s\u2019agit de continuer le processus de lib\u00e9ralisation et de r\u00e9formes politiques et sociales, d\u2019accompagner l\u2019industrialisation et l\u2019urbanisation du pays et de faire rayonner le Maroc par une v\u00e9ritable dynamique de progr\u00e8s et de d\u00e9veloppement\u00a0 \u00e0 trois niveaux : sur le continent africain en tant que leader continental, dans le monde arabe pour jouer le r\u00f4le d\u2019une puissance m\u00e9diatrice, coordinatrice et mod\u00e9r\u00e9e, et dans le monde comme une puissance \u00e9mergente \u00e0 l\u2019industrie florissante.<\/p>\n<p>&nbsp;<\/p>\n<p><strong>Ainsi, en quoi le Maroc s\u2019affirme-t-il aujourd\u2019hui en tant que puissance \u00e9mergente et comment s\u2019int\u00e8gre-t-il \u00e0 l\u2019espace mondial globalis\u00e9, tout en faisant face \u00e0 des \u00a0\u00a0\u00a0\u00a0d\u00e9fis nationaux ?<\/strong><\/p>\n<p><strong>\u00a0<\/strong><\/p>\n<p><strong>Pour r\u00e9pondre \u00e0 cette question en vous pr\u00e9sentant le Royaume sous la forme d\u2019une courte synth\u00e8se, nous verrons tout d\u2019abord les dynamiques et les actions du Royaume dans le cadre de sa politique internationale, avant de pr\u00e9senter le bilan encore contrast\u00e9 des diff\u00e9rentes actions politiques, \u00e9conomiques et sociales entreprises depuis ces vingt derni\u00e8res ann\u00e9es. <\/strong>[\/vc_column_text]<style>.ld_spacer_69f2a1785d01f{height:64px;}<\/style>\n<div class=\"ld-empty-space ld_spacer_69f2a1785d01f\"><span class=\"liquid_empty_space_inner\"><\/span><\/div>[\/vc_column_inner][\/vc_row_inner][\/vc_column][\/vc_row][vc_row][vc_column]<style>.ld_spacer_69f2a1785d06d{height:64px;}<\/style>\n<div class=\"ld-empty-space ld_spacer_69f2a1785d06d\"><span class=\"liquid_empty_space_inner\"><\/span><\/div>[vc_column_text]<\/p>\n<h1 style=\"text-align: center;\"><strong>Un Maroc dans le cadre de politique mondiale<\/strong><\/h1>\n<p><strong>\u00a0<\/strong><\/p>\n<h2><strong>1. Des politiques r\u00e9gionales et multilat\u00e9rales cl\u00e9s<\/strong><\/h2>\n<p><strong>\u00a0<\/strong><\/p>\n<p>Le Maroc a toujours entretenu des relations \u00e9troites avec le Moyen-Orient et le monde arabe en g\u00e9n\u00e9ral. En effet, et ce depuis le trait\u00e9 d\u2019Agadir, le royaume entretient des relations \u00e9conomiques \u00e9troites avec les p\u00e9tro-monarchies, sans oublier les liens culturels et historiques reliant les deux r\u00e9gions. N\u00e9anmoins, le Maroc a toujours \u00e9t\u00e9 un \u00e9tat \u201c\u00e0 part\u201d dans le cadre du monde arabe, notamment dans sa diplomatie. Vu comme plus ouvert, plus moderne, il n\u2019h\u00e9site pas d\u2019ailleurs \u00e0 se d\u00e9tacher \u00e0 de nombreuses reprises des positions de l\u2019Arabie Saoudite au Moyen-Orient, en ne \u00a0c\u00e9dant pas aux pressions notamment concernant le blocus qatari en 2017; mais aussi vis-\u00e0-vis d\u2019Isra\u00ebl plus r\u00e9cemment en se pla\u00e7ant comme puissance m\u00e9diatrice et coordinatrice dans un projet de pacification des relations isra\u00e9lo-palestiniennes, tout en s\u2019assurant ainsi le soutien des \u00c9tats-Unis pour la reconnaissance de sa pleine et l\u00e9gitime souverainet\u00e9 sur le Sahara occidental au conseil de S\u00e9curit\u00e9 de l\u2019ONU.<\/p>\n<p>Au-del\u00e0 de son identit\u00e9 arabe, le Maroc se positionne strat\u00e9giquement et ce de plus en plus au sein de l\u2019Afrique. Le Royaume rentre enfin dans l\u2019Union Africaine en 2017, se dirigeant donc dans une logique continentale assum\u00e9e. Les \u00e9changes notamment culturels avec l\u2019Afrique ne cessent de se multiplier, ainsi une vraie dynamique de coop\u00e9ration \u201cSud-Sud\u201d est lanc\u00e9e entre le Maroc et l\u2019Afrique Subsaharienne. Il est important de mettre en lumi\u00e8re que le Maroc joue le r\u00f4le d\u2019un carrefour entre l\u2019Europe et l\u2019Afrique, mais aussi de pivot dans le politique migratoire du continent. Par ailleurs, la diaspora subsaharienne au Maroc devient de plus en plus importante, ce qui est \u00e9galement un enjeu de coop\u00e9ration continental. Il va de soi que le Maroc a int\u00e9r\u00eat \u00e0 aider \u00e0 la stabiliser et pacifier l\u2019Afrique pour ralentir les flux migratoires qu\u2019il peine \u00e0 moduler et mod\u00e9rer.<\/p>\n<h2><strong>2. Une ouverture vers le Monde<\/strong><\/h2>\n<p>Le Maroc s\u2019est toujours, depuis son ind\u00e9pendance, plac\u00e9 en grand partenaire de l\u2019Europe et du projet europ\u00e9en. Apr\u00e8s une candidature manqu\u00e9e au sein de l\u2019Union Europ\u00e9enne, le Royaume du Maroc continue n\u00e9anmoins \u00e0 entretenir avec l\u2019Union, un partenariat et une coop\u00e9ration cl\u00e9, notamment en mati\u00e8re d\u2019\u00e9conomie puisque l\u2019Union Europ\u00e9enne reste l\u2019un des principaux partenaires \u00e9conomiques du Maroc. En raison de son positionnement avantageux et de sa proximit\u00e9 diplomatique avec de nombreux pays europ\u00e9ens, le Maroc est \u00e9galement un alli\u00e9 essentiel en termes de r\u00e9gulation migratoire et de lutte contre le terrorisme entre le continent africain et l\u2019Espace Schengen.<\/p>\n<p>\u201c<em>Le multilat\u00e9ralisme est le seul processus capable de temp\u00e9rer les relations internationales et d&#8217;encadrer la gestion des d\u00e9fis communs, car il rompt avec le caract\u00e8re \u00e9conomique et commercial pro\u00e9minent de la mondialisation et bride l&#8217;influence des puissance en prot\u00e9geant les faibles et en donnant la voix aux sans voix<\/em>\u201d d\u00e9clarait l&#8217;ancien ambassadeur du Royaume aupr\u00e8s des Nations Unies, Mohammed Loulichki dans le cadre de la 9\u00e8me \u00e9dition des Dialogues Strat\u00e9giques du Policy Center for the New South (PCNS). Le multilat\u00e9ralisme est en effet un terme cl\u00e9 pour comprendre la diplomatie marocaine. Le Maroc tient par-dessus-tout dans un monde multipolaire marqu\u00e9 par le retour des rapports de force et de puissance \u00e0 garder son ind\u00e9pendance d\u00e9cisionnaire. Cela se remarque notamment dans le choix de ses diff\u00e9rents partenariats \u00e9conomiques et strat\u00e9giques, mais aussi lors de la crise du COVID-19 dans son approvisionnement en vaccin. Ainsi, le Maroc tente de se dresser en puissance \u00e0 la voix ind\u00e9pendante, qui, dans le jeu des alliances et des rivalit\u00e9s, garde une objectivit\u00e9 et une exemplarit\u00e9 \u00e0 toute \u00e9preuve.<\/p>\n<h2><strong>3. Une puissance \u00e9mergente en devenir<\/strong><\/h2>\n<p><strong>\u00a0<\/strong>\u00a0Le Maroc est un terrain prometteur pour les investisseurs \u00e9trangers, qui tendent de plus en plus \u00e0 d\u00e9localiser des activit\u00e9s de production au Maroc, surtout dans le secteur automobile. Le Maroc est aussi le premier exportateur de phosphate au monde, et se d\u00e9marque \u00e9galement par la dynamique de ses exportations agricoles- en direction de l\u2019Europe.<\/p>\n<p>Le Maroc b\u00e9n\u00e9ficie par ailleurs entre Mer M\u00e9diterran\u00e9e et Oc\u00e9an Atlantique, par la diversit\u00e9 de ses territoires et la richesse de son patrimoine culturel mat\u00e9riel et immat\u00e9riel, d\u2019un fort potentiel touristique qui contribue \u00e0 son rayonnement international.<\/p>\n<p>Le Royaume d\u00e9veloppe de plus en plus des infrastructures globales, au sein d\u2019une Afrique qui peine \u00e0 se positionner dans l\u2019espace globalis\u00e9. La bourse de Casablanca, l\u2019A\u00e9roport Mohamed V, ou encore le port Tanger Med sont des portes d\u2019ouverture d\u2019un Royaume se positionnant de nouveau comme un carrefour entre 3 continents, l\u2019Asie avec le Proche et le Moyen-Orient, L\u2019Afrique et l\u2019Europe.<\/p>\n<p>&nbsp;<\/p>\n<p>N\u00e9anmoins le Maroc a encore des d\u00e9fis \u00e0 relever pour son d\u00e9veloppement et son int\u00e9gration dans l\u2019\u00e9conomie-monde.<\/p>\n<p>&nbsp;<\/p>\n<p>[\/vc_column_text]<style>.ld_spacer_69f2a1785d0b5{height:64px;}<\/style>\n<div class=\"ld-empty-space ld_spacer_69f2a1785d0b5\"><span class=\"liquid_empty_space_inner\"><\/span><\/div>[\/vc_column][\/vc_row][vc_row bg_type=&#8221;bg_color&#8221; bg_color_value=&#8221;#ededed&#8221;][vc_column]<style>.ld_spacer_69f2a1785d11a{height:64px;}<\/style>\n<div class=\"ld-empty-space ld_spacer_69f2a1785d11a\"><span class=\"liquid_empty_space_inner\"><\/span><\/div>[vc_column_text]<\/p>\n<h1 style=\"text-align: center;\"><strong>Un Maroc au bilan encore contrast\u00e9<\/strong><\/h1>\n<h2><strong>1. Des m\u00e9tropoles qui se modernisent<\/strong><\/h2>\n<p>Le Maroc depuis les ann\u00e9es 2000 m\u00e8ne une politique de modernisation \u00e9clair de ses villes. Dernier exploit, le TGV Tanger-Rabat, reliant les deux villes en une heure de temps. La ville de Tanger a d\u2019ailleurs connu un processus de modernisation particuli\u00e8rement rapide, et le port de Tanger Med est aujourd&#8217;hui un point cl\u00e9 de l\u2019\u00e9conomie du Maroc. Tanger Med accueille \u00e9galement de nombreux secteurs industriels et p\u00f4les d\u2019innovation qui dynamisent une \u00e9conomie nationale encore \u201csensible aux chocs externes\u201d de l\u2019\u00e9conomie mondiale et trop peu diversifi\u00e9e.<\/p>\n<p>La capitale \u00e9conomique Casablanca est bien entendu elle aussi un poste cl\u00e9 de la modernisation et de l\u2019urbanisation du pays. La bourse de Casablanca, les diff\u00e9rents si\u00e8ges de d\u00e9cision, et l\u2019A\u00e9roport Mohamed V sont quelques exemples de la place strat\u00e9gique de Casablanca qui se hisse parmi les grandes m\u00e9tropoles africaines.<\/p>\n<h2><strong>2. Mais des fractures sociales qui s\u2019accentuent<\/strong><\/h2>\n<p>Le Maroc malgr\u00e9 sa politique de modernisation, fait face \u00e0 de nombreux d\u00e9fis, notamment vis-\u00e0-vis de sa population rurale. En effet, plus de 13 millions de marocains, soit plus de la moiti\u00e9 de la population, selon un rapport de l\u2019HCP en 2019, vit dans des milieux ruraux. Cette population rurale manque alors d\u2019infrastructures, de service de proximit\u00e9 et souffre d\u2019un \u00e9cart important avec les dynamiques de d\u00e9veloppement initialement consacr\u00e9es aux villes. Grande source de tension sociale, ce ph\u00e9nom\u00e8ne de \u201cdouble vitesse\u201d entre un Maroc urbain ultra-moderne qui se dresse en leader d\u2019une Afrique florissante ; et le Maroc profond rural, qui peine \u00e0 s\u2019\u00e9quiper, \u00e0 se soigner et \u00e0 se d\u00e9senclaver, est un enjeu cl\u00e9 du d\u00e9veloppement du Maroc.<\/p>\n<p>Plus que cela, le Maroc souffre d\u2019un p\u00f4le \u00e9ducatif fragile et lacunaire qui menace les grandes visions d\u2019avenir de la nation. Plus d\u2019un tiers de la population marocaine et la moiti\u00e9 des femmes au Maroc souffre encore d\u2019analphab\u00e9tisme, fl\u00e9au que le Maroc ne cesse de combattre depuis sa grande politique d\u2019alphab\u00e9tisation lanc\u00e9e sous Hassan II. Si le pays conna\u00eet de grand progr\u00e8s, la place importante des \u00e9tablissements priv\u00e9s et des missions \u00e9trang\u00e8res ne font que mettre en lumi\u00e8re les d\u00e9fauts d\u2019un enseignement public incoh\u00e9rent et sans cesse r\u00e9form\u00e9, sans r\u00e9elle refonte. Le Maroc se voit alors d\u00e9poss\u00e9d\u00e9 de l\u2019\u00e9ducation de ses \u00e9lites intellectuelles, qui se tournent vers des syst\u00e8mes priv\u00e9s ou \u00e9trangers.<\/p>\n<h2><strong>3. Des limites structurelles \u00e0 d\u00e9passer<\/strong><\/h2>\n<p>Le ph\u00e9nom\u00e8ne de \u201cfuite des cerveaux\u201d que connait le Maroc est symptomatique de nombreuses puissances \u00e9mergentes qui n\u2019arrivent pas \u00e0 retenir leurs \u00e9lites. La diaspora marocaine est tr\u00e8s importante en Europe, notamment en France mais aussi dans le reste du monde. Cela s\u2019explique par des opportunit\u00e9s de d\u00e9veloppement de carri\u00e8re encore trop rares et trop peu diversifi\u00e9e dans l\u2019industrie, la recherche. L\u2019\u00e9conomie manque ainsi de cadres et de main d\u2019\u0153uvre qualifi\u00e9e. Elle manque aussi d\u2019investissements<\/p>\n<p>Le Maroc peine \u00e0 se positionner sur le secteur secondaire et reste tr\u00e8s ancr\u00e9 dans le primaire et un tertiaire en cours de d\u00e9veloppement &#8211; avec des efforts et des avanc\u00e9es consid\u00e9rables en particulier dans les \u00e9nergies nouvelles et renouvelables &#8211; face \u00e0 des firmes transnationales tr\u00e8s comp\u00e9titives concurren\u00e7ant sa production \u00a0\u00a0locale.<\/p>\n<p>Pour conclure, le Maroc est d\u00e9sormais tr\u00e8s actif dans les dynamiques d\u2019un espace mondial globalis\u00e9, en adoptant une position multilat\u00e9rale, au croisement \u201cdes mondes\u201d, des civilisations et des continents. Par ailleurs, il est aujourd&#8217;hui essentiel pour le Maroc de r\u00e9pondre aux d\u00e9fis nationaux\u00a0: \u00e9conomiques et sociaux freinant encore son d\u00e9veloppement pour jouer pleinement son r\u00f4le parmi les \u201cLions de l\u2019Afrique\u201d en se repositionnant pour s\u2019affirmer comme un acteur \u00e9mergent sur la sc\u00e8ne internationale.[\/vc_column_text]<style>.ld_spacer_69f2a1785d162{height:64px;}<\/style>\n<div class=\"ld-empty-space ld_spacer_69f2a1785d162\"><span class=\"liquid_empty_space_inner\"><\/span><\/div>[\/vc_column][\/vc_row][vc_row bg_type=&#8221;bg_color&#8221; bg_color_value=&#8221;#ffffff&#8221;][vc_column]<style>.ld_spacer_69f2a1785d1aa{height:64px;}<\/style>\n<div class=\"ld-empty-space ld_spacer_69f2a1785d1aa\"><span class=\"liquid_empty_space_inner\"><\/span><\/div>[vc_custom_heading text=&#8221;Photos du Maroc&#8221;]<style>.ld_spacer_69f2a1785d1ec{height:64px;}<\/style>\n<div class=\"ld-empty-space ld_spacer_69f2a1785d1ec\"><span class=\"liquid_empty_space_inner\"><\/span><\/div>[vc_row_inner][vc_column_inner][vc_media_grid element_width=&#8221;3&#8243; gap=&#8221;10&#8243; grid_id=&#8221;vc_gid:1664277213391-fcf9271c-26da-5&#8243; include=&#8221;9723,9722,9721,9713,9712,9711,9710,9706,9705,9704,9703,9702,9701,9699,9700&#8243;][\/vc_column_inner][\/vc_row_inner][\/vc_column][\/vc_row][vc_row][vc_column]<style>.ld_spacer_69f2a1785d22c{height:32px;}<\/style>\n<div class=\"ld-empty-space ld_spacer_69f2a1785d22c\"><span class=\"liquid_empty_space_inner\"><\/span><\/div>[vc_row_inner el_class=&#8221;modif-font-size&#8221;][vc_column_inner][vc_separator align=&#8221;align_left&#8221;][vc_column_text]<\/p>\n<h6>Bibliographie et sources<\/h6>\n<ul>\n<li><a href=\"https:\/\/www.tresor.economie.gouv.fr\/Pays\/MA\/profil-du-commerce-exterieur-du-maroc\"><u>https:\/\/<\/u>www.tresor.economie.gouv.fr\/Pays\/MA\/profil-du-commerce-exterieur-du-maroc<\/a><\/li>\n<li><a href=\"https:\/\/www.lesclesdumoyenorient.com\/Entretien-avec-Pierre-Vermeren-la-normalisation-des-relations-entre-le-Maroc-et.html\">https:\/\/www.lesclesdumoyenorient.com\/Entretien-avec-Pierre-<u>V<\/u>ermeren-la-normalisation-des-<u>relations-entre-le-Maroc-et.html<\/u><\/a><\/li>\n<li><a href=\"http:\/\/www.fondationmaisondumaroc.org\/2019\/04\/04\/le-maroc-au-defi-de-la-mondialisation-enjeux-economiques-et-modele-de-developpement\/\">http:\/\/www.fondationmaisondumaroc.org\/2019\/04\/04\/le-maroc-au-defi-de-la-mondialisation-<u>enjeux-economiques-et-modele-de-developpement\/<\/u><\/a><\/li>\n<li><a href=\"https:\/\/www.mapnews.ma\/fr\/actualites\/politique\/pcns-le-multilat\u00e9ralisme-est-le-seul-processus-capable-de-temp\u00e9rer-les\">https:\/\/www.mapnews.ma\/fr\/actualites\/politique\/pcns-le-multilat\u00e9ralisme-est-le-seul-processus-<u>capable-de-temp\u00e9rer-les<\/u><\/a><\/li>\n<li><a href=\"https:\/\/www.france24.com\/fr\/20170130-maroc-reintegration-union-africaine-retour-rasd-sahara-occidental\">https:\/\/www.france24.com\/fr\/20170130-maroc-reintegration-union-africaine-retour-rasd-sahara-<u>occidental<\/u><\/a><\/li>\n<li><a href=\"https:\/\/www.franceculture.fr\/emissions\/les-enjeux-internationaux\/reconnaissance-disrael-par-le-maroc-des-relations-seculaires\">https:\/\/www.franceculture.fr\/emissions\/les-enjeux-internationaux\/reconnaissance-disrael-par<u>-le-<\/u><u>maroc-des-relations-seculaires<\/u><\/a><\/li>\n<li><a href=\"https:\/\/afrique.latribune.fr\/politique\/leadership\/2019-07-25\/integration-regionale-maroc-l-ambition-africaine-d-un-royaume-824503.html\"><u>https:\/\/afrique.latribune.fr\/politique\/leadership\/2019-07-25\/integration-regionale-maroc-l-ambition-<\/u><u>africaine-d-un-royaume-824503.html<\/u><\/a><\/li>\n<li>ZiyadxD, CC BY-SA 4.0 <a href=\"https:\/\/creativecommons.org\/licenses\/by-sa\/4.0\">https:\/\/creativecommons.org\/licenses\/by-sa\/4.0<\/a>, via Wikimedia Commons<\/li>\n<li>barna421\u00a0 \/ Quentin Dr\u00e8ze from\u00a0 Andenne, Belgium, CC BY-SA 2.0 <a href=\"https:\/\/creativecommons.org\/licenses\/by-sa\/2.0\">https:\/\/creativecommons.org\/licenses\/by-sa\/2.0<\/a>, via Wikimedia Commons<\/li>\n<li>Remi Jouan, CC BY-SA 3.0 <a href=\"http:\/\/creativecommons.org\/licenses\/by-sa\/3.0\">http:\/\/creativecommons.org\/licenses\/by-sa\/3.0<\/a>, via Wikimedia Commons<\/li>\n<li>Errammani abderrazak, CC BY-SA 4.0 https:\/\/creativecommons.org\/licenses\/by-sa\/4.0 , via Wikimedia Commons<\/li>\n<li>YoTuT from United States, CC BY 2.0 <a href=\"https:\/\/creativecommons.org\/licenses\/by\/2.0\">https:\/\/creativecommons.org\/licenses\/by\/2.0<\/a> , via Wikimedia Commons<\/li>\n<\/ul>\n<p>[\/vc_column_text][\/vc_column_inner][\/vc_row_inner]<style>.ld_spacer_69f2a1785d268{height:32px;}<\/style>\n<div class=\"ld-empty-space ld_spacer_69f2a1785d268\"><span class=\"liquid_empty_space_inner\"><\/span><\/div>[\/vc_column][\/vc_row]<\/p>\n<\/div>","protected":false},"excerpt":{"rendered":"<p>[vc_row bg_type=&#8221;image&#8221; parallax_style=&#8221;vcpb-vz-jquery&#8221; bg_image_new=&#8221;id^9780|url^https:\/\/encouragement-public.org\/delegation-maroc\/wp-content\/uploads\/sites\/19\/2021\/04\/La_grande_mosquee_hassan_I-bgI-1-scaled.jpg|caption^La_grande_mosqu\u00e9e_hassan_I-bgI|alt^La_grande_mosqu\u00e9e_hassan_I-bgI|title^La_grande_mosqu\u00e9e_hassan_I-bgI|description^null&#8221; bg_image_repeat=&#8221;no-repeat&#8221; disable_on_mobile_img_parallax=&#8221;disable_on_mobile_img_parallax_value&#8221;][vc_column][vc_custom_heading text=&#8221;D\u00c9L\u00c9GATION DU ROYAUME DU MAROC&#8221; font_container=&#8221;tag:h1|text_align:left|color:%2356bf33&#8243; css=&#8221;.vc_custom_1664277239994{background-color: rgba(255,255,255,0.01) !important;*background-color:&#8230;<\/p>\n","protected":false},"author":1,"featured_media":9703,"parent":0,"menu_order":0,"comment_status":"closed","ping_status":"closed","template":"","meta":{"footnotes":""},"class_list":["post-9515","page","type-page","status-publish","has-post-thumbnail","hentry"],"yoast_head":"<!-- This site is optimized with the Yoast SEO plugin v27.5 - https:\/\/yoast.com\/product\/yoast-seo-wordpress\/ -->\n<title>D\u00c9L\u00c9GATION MAROC - D\u00e9l\u00e9gation Maroc<\/title>\n<meta name=\"description\" content=\"La Bretagne, une r\u00e9gion situ\u00e9e \u00e0 l\u2019extr\u00eame ouest de la France, est une p\u00e9ninsule vallonn\u00e9e qui s\u2019avance dans l\u2019oc\u00e9an Atlantique.\" \/>\n<meta name=\"robots\" content=\"index, follow, max-snippet:-1, max-image-preview:large, max-video-preview:-1\" \/>\n<link rel=\"canonical\" href=\"https:\/\/encouragement-public.org\/delegation-maroc\/delegation-maroc\/\" \/>\n<meta property=\"og:locale\" content=\"fr_FR\" \/>\n<meta property=\"og:type\" content=\"article\" \/>\n<meta property=\"og:title\" content=\"D\u00c9L\u00c9GATION MAROC - D\u00e9l\u00e9gation Maroc\" \/>\n<meta property=\"og:description\" content=\"La Bretagne, une r\u00e9gion situ\u00e9e \u00e0 l\u2019extr\u00eame ouest de la France, est une p\u00e9ninsule vallonn\u00e9e qui s\u2019avance dans l\u2019oc\u00e9an Atlantique.\" \/>\n<meta property=\"og:url\" content=\"https:\/\/encouragement-public.org\/delegation-maroc\/delegation-maroc\/\" \/>\n<meta property=\"og:site_name\" content=\"D\u00e9l\u00e9gation Maroc\" \/>\n<meta property=\"article:modified_time\" content=\"2022-09-27T11:14:49+00:00\" \/>\n<meta property=\"og:image\" content=\"https:\/\/encouragement-public.org\/delegation-maroc\/wp-content\/uploads\/sites\/19\/2021\/04\/La-Medina-de-Rabat-La-Medina-de-Rabat-est-consideree-comme-lame-de-la-capitale-maroccaine.jpg\" \/>\n\t<meta property=\"og:image:width\" content=\"960\" \/>\n\t<meta property=\"og:image:height\" content=\"640\" \/>\n\t<meta property=\"og:image:type\" content=\"image\/jpeg\" \/>\n<meta name=\"twitter:card\" content=\"summary_large_image\" \/>\n<meta name=\"twitter:label1\" content=\"Dur\u00e9e de lecture estim\u00e9e\" \/>\n\t<meta name=\"twitter:data1\" content=\"11 minutes\" \/>\n<script type=\"application\/ld+json\" class=\"yoast-schema-graph\">{\"@context\":\"https:\\\/\\\/schema.org\",\"@graph\":[{\"@type\":\"WebPage\",\"@id\":\"https:\\\/\\\/encouragement-public.org\\\/delegation-maroc\\\/delegation-maroc\\\/\",\"url\":\"https:\\\/\\\/encouragement-public.org\\\/delegation-maroc\\\/delegation-maroc\\\/\",\"name\":\"D\u00c9L\u00c9GATION MAROC - D\u00e9l\u00e9gation Maroc\",\"isPartOf\":{\"@id\":\"https:\\\/\\\/encouragement-public.org\\\/delegation-maroc\\\/#website\"},\"primaryImageOfPage\":{\"@id\":\"https:\\\/\\\/encouragement-public.org\\\/delegation-maroc\\\/delegation-maroc\\\/#primaryimage\"},\"image\":{\"@id\":\"https:\\\/\\\/encouragement-public.org\\\/delegation-maroc\\\/delegation-maroc\\\/#primaryimage\"},\"thumbnailUrl\":\"https:\\\/\\\/encouragement-public.org\\\/delegation-maroc\\\/wp-content\\\/uploads\\\/sites\\\/19\\\/2021\\\/04\\\/La-Medina-de-Rabat-La-Medina-de-Rabat-est-consideree-comme-lame-de-la-capitale-maroccaine.jpg\",\"datePublished\":\"2020-10-04T19:15:32+00:00\",\"dateModified\":\"2022-09-27T11:14:49+00:00\",\"description\":\"La Bretagne, une r\u00e9gion situ\u00e9e \u00e0 l\u2019extr\u00eame ouest de la France, est une p\u00e9ninsule vallonn\u00e9e qui s\u2019avance dans l\u2019oc\u00e9an Atlantique.\",\"breadcrumb\":{\"@id\":\"https:\\\/\\\/encouragement-public.org\\\/delegation-maroc\\\/delegation-maroc\\\/#breadcrumb\"},\"inLanguage\":\"fr-FR\",\"potentialAction\":[{\"@type\":\"ReadAction\",\"target\":[\"https:\\\/\\\/encouragement-public.org\\\/delegation-maroc\\\/delegation-maroc\\\/\"]}]},{\"@type\":\"ImageObject\",\"inLanguage\":\"fr-FR\",\"@id\":\"https:\\\/\\\/encouragement-public.org\\\/delegation-maroc\\\/delegation-maroc\\\/#primaryimage\",\"url\":\"https:\\\/\\\/encouragement-public.org\\\/delegation-maroc\\\/wp-content\\\/uploads\\\/sites\\\/19\\\/2021\\\/04\\\/La-Medina-de-Rabat-La-Medina-de-Rabat-est-consideree-comme-lame-de-la-capitale-maroccaine.jpg\",\"contentUrl\":\"https:\\\/\\\/encouragement-public.org\\\/delegation-maroc\\\/wp-content\\\/uploads\\\/sites\\\/19\\\/2021\\\/04\\\/La-Medina-de-Rabat-La-Medina-de-Rabat-est-consideree-comme-lame-de-la-capitale-maroccaine.jpg\",\"width\":960,\"height\":640,\"caption\":\"La M\u00e9dina de Rabat, La M\u00e9dina de Rabat est consid\u00e9r\u00e9e comme l'\u00e2me de la capitale maroccaine\"},{\"@type\":\"BreadcrumbList\",\"@id\":\"https:\\\/\\\/encouragement-public.org\\\/delegation-maroc\\\/delegation-maroc\\\/#breadcrumb\",\"itemListElement\":[{\"@type\":\"ListItem\",\"position\":1,\"name\":\"Accueil\",\"item\":\"https:\\\/\\\/encouragement-public.org\\\/delegation-maroc\\\/\"},{\"@type\":\"ListItem\",\"position\":2,\"name\":\"D\u00c9L\u00c9GATION MAROC\"}]},{\"@type\":\"WebSite\",\"@id\":\"https:\\\/\\\/encouragement-public.org\\\/delegation-maroc\\\/#website\",\"url\":\"https:\\\/\\\/encouragement-public.org\\\/delegation-maroc\\\/\",\"name\":\"D\u00e9l\u00e9gation Maroc\",\"description\":\"Savoir r\u00e9compenser le m\u00e9rite\",\"potentialAction\":[{\"@type\":\"SearchAction\",\"target\":{\"@type\":\"EntryPoint\",\"urlTemplate\":\"https:\\\/\\\/encouragement-public.org\\\/delegation-maroc\\\/?s={search_term_string}\"},\"query-input\":{\"@type\":\"PropertyValueSpecification\",\"valueRequired\":true,\"valueName\":\"search_term_string\"}}],\"inLanguage\":\"fr-FR\"}]}<\/script>\n<!-- \/ Yoast SEO plugin. -->","yoast_head_json":{"title":"D\u00c9L\u00c9GATION MAROC - D\u00e9l\u00e9gation Maroc","description":"La Bretagne, une r\u00e9gion situ\u00e9e \u00e0 l\u2019extr\u00eame ouest de la France, est une p\u00e9ninsule vallonn\u00e9e qui s\u2019avance dans l\u2019oc\u00e9an Atlantique.","robots":{"index":"index","follow":"follow","max-snippet":"max-snippet:-1","max-image-preview":"max-image-preview:large","max-video-preview":"max-video-preview:-1"},"canonical":"https:\/\/encouragement-public.org\/delegation-maroc\/delegation-maroc\/","og_locale":"fr_FR","og_type":"article","og_title":"D\u00c9L\u00c9GATION MAROC - D\u00e9l\u00e9gation Maroc","og_description":"La Bretagne, une r\u00e9gion situ\u00e9e \u00e0 l\u2019extr\u00eame ouest de la France, est une p\u00e9ninsule vallonn\u00e9e qui s\u2019avance dans l\u2019oc\u00e9an Atlantique.","og_url":"https:\/\/encouragement-public.org\/delegation-maroc\/delegation-maroc\/","og_site_name":"D\u00e9l\u00e9gation Maroc","article_modified_time":"2022-09-27T11:14:49+00:00","og_image":[{"width":960,"height":640,"url":"https:\/\/encouragement-public.org\/delegation-maroc\/wp-content\/uploads\/sites\/19\/2021\/04\/La-Medina-de-Rabat-La-Medina-de-Rabat-est-consideree-comme-lame-de-la-capitale-maroccaine.jpg","type":"image\/jpeg"}],"twitter_card":"summary_large_image","twitter_misc":{"Dur\u00e9e de lecture estim\u00e9e":"11 minutes"},"schema":{"@context":"https:\/\/schema.org","@graph":[{"@type":"WebPage","@id":"https:\/\/encouragement-public.org\/delegation-maroc\/delegation-maroc\/","url":"https:\/\/encouragement-public.org\/delegation-maroc\/delegation-maroc\/","name":"D\u00c9L\u00c9GATION MAROC - D\u00e9l\u00e9gation Maroc","isPartOf":{"@id":"https:\/\/encouragement-public.org\/delegation-maroc\/#website"},"primaryImageOfPage":{"@id":"https:\/\/encouragement-public.org\/delegation-maroc\/delegation-maroc\/#primaryimage"},"image":{"@id":"https:\/\/encouragement-public.org\/delegation-maroc\/delegation-maroc\/#primaryimage"},"thumbnailUrl":"https:\/\/encouragement-public.org\/delegation-maroc\/wp-content\/uploads\/sites\/19\/2021\/04\/La-Medina-de-Rabat-La-Medina-de-Rabat-est-consideree-comme-lame-de-la-capitale-maroccaine.jpg","datePublished":"2020-10-04T19:15:32+00:00","dateModified":"2022-09-27T11:14:49+00:00","description":"La Bretagne, une r\u00e9gion situ\u00e9e \u00e0 l\u2019extr\u00eame ouest de la France, est une p\u00e9ninsule vallonn\u00e9e qui s\u2019avance dans l\u2019oc\u00e9an Atlantique.","breadcrumb":{"@id":"https:\/\/encouragement-public.org\/delegation-maroc\/delegation-maroc\/#breadcrumb"},"inLanguage":"fr-FR","potentialAction":[{"@type":"ReadAction","target":["https:\/\/encouragement-public.org\/delegation-maroc\/delegation-maroc\/"]}]},{"@type":"ImageObject","inLanguage":"fr-FR","@id":"https:\/\/encouragement-public.org\/delegation-maroc\/delegation-maroc\/#primaryimage","url":"https:\/\/encouragement-public.org\/delegation-maroc\/wp-content\/uploads\/sites\/19\/2021\/04\/La-Medina-de-Rabat-La-Medina-de-Rabat-est-consideree-comme-lame-de-la-capitale-maroccaine.jpg","contentUrl":"https:\/\/encouragement-public.org\/delegation-maroc\/wp-content\/uploads\/sites\/19\/2021\/04\/La-Medina-de-Rabat-La-Medina-de-Rabat-est-consideree-comme-lame-de-la-capitale-maroccaine.jpg","width":960,"height":640,"caption":"La M\u00e9dina de Rabat, La M\u00e9dina de Rabat est consid\u00e9r\u00e9e comme l'\u00e2me de la capitale maroccaine"},{"@type":"BreadcrumbList","@id":"https:\/\/encouragement-public.org\/delegation-maroc\/delegation-maroc\/#breadcrumb","itemListElement":[{"@type":"ListItem","position":1,"name":"Accueil","item":"https:\/\/encouragement-public.org\/delegation-maroc\/"},{"@type":"ListItem","position":2,"name":"D\u00c9L\u00c9GATION MAROC"}]},{"@type":"WebSite","@id":"https:\/\/encouragement-public.org\/delegation-maroc\/#website","url":"https:\/\/encouragement-public.org\/delegation-maroc\/","name":"D\u00e9l\u00e9gation Maroc","description":"Savoir r\u00e9compenser le m\u00e9rite","potentialAction":[{"@type":"SearchAction","target":{"@type":"EntryPoint","urlTemplate":"https:\/\/encouragement-public.org\/delegation-maroc\/?s={search_term_string}"},"query-input":{"@type":"PropertyValueSpecification","valueRequired":true,"valueName":"search_term_string"}}],"inLanguage":"fr-FR"}]}},"_links":{"self":[{"href":"https:\/\/encouragement-public.org\/delegation-maroc\/wp-json\/wp\/v2\/pages\/9515","targetHints":{"allow":["GET"]}}],"collection":[{"href":"https:\/\/encouragement-public.org\/delegation-maroc\/wp-json\/wp\/v2\/pages"}],"about":[{"href":"https:\/\/encouragement-public.org\/delegation-maroc\/wp-json\/wp\/v2\/types\/page"}],"author":[{"embeddable":true,"href":"https:\/\/encouragement-public.org\/delegation-maroc\/wp-json\/wp\/v2\/users\/1"}],"replies":[{"embeddable":true,"href":"https:\/\/encouragement-public.org\/delegation-maroc\/wp-json\/wp\/v2\/comments?post=9515"}],"version-history":[{"count":95,"href":"https:\/\/encouragement-public.org\/delegation-maroc\/wp-json\/wp\/v2\/pages\/9515\/revisions"}],"predecessor-version":[{"id":9728,"href":"https:\/\/encouragement-public.org\/delegation-maroc\/wp-json\/wp\/v2\/pages\/9515\/revisions\/9728"}],"wp:featuredmedia":[{"embeddable":true,"href":"https:\/\/encouragement-public.org\/delegation-maroc\/wp-json\/wp\/v2\/media\/9703"}],"wp:attachment":[{"href":"https:\/\/encouragement-public.org\/delegation-maroc\/wp-json\/wp\/v2\/media?parent=9515"}],"curies":[{"name":"wp","href":"https:\/\/api.w.org\/{rel}","templated":true}]}}