{"id":9515,"date":"2020-10-04T19:15:32","date_gmt":"2020-10-04T19:15:32","guid":{"rendered":"https:\/\/encouragement-public.org\/delegation-portugal\/?page_id=9515"},"modified":"2021-05-03T15:04:57","modified_gmt":"2021-05-03T15:04:57","slug":"delegation-portugal","status":"publish","type":"page","link":"https:\/\/encouragement-public.org\/delegation-portugal\/delegation-portugal\/","title":{"rendered":"D\u00c9L\u00c9GATION PORTUGAL"},"content":{"rendered":"<div class=\"wpb-content-wrapper\"><p>[vc_row][vc_column]<style>.ld_spacer_69f44643d8c4f{height:64px;}<\/style>\n<div class=\"ld-empty-space ld_spacer_69f44643d8c4f\"><span class=\"liquid_empty_space_inner\"><\/span><\/div>[vc_custom_heading text=&#8221;D\u00c9L\u00c9GATION PORTUGAL&#8221; font_container=&#8221;tag:h1|text_align:left|color:%2356bf33&#8243; css=&#8221;.vc_custom_1620044977527{background-color: rgba(255,255,255,0.01) !important;*background-color: rgb(255,255,255) !important;}&#8221;][vc_column_text]\t\t\t<!-- Flexy Breadcrumb -->\r\n\t\t\t<div class=\"fbc fbc-page\">\r\n\r\n\t\t\t\t<!-- Breadcrumb wrapper -->\r\n\t\t\t\t<div class=\"fbc-wrap\">\r\n\r\n\t\t\t\t\t<!-- Ordered list-->\r\n\t\t\t\t\t<ol class=\"fbc-items\" itemscope itemtype=\"https:\/\/schema.org\/BreadcrumbList\">\r\n\t\t\t\t\t\t            <li itemprop=\"itemListElement\" itemscope itemtype=\"https:\/\/schema.org\/ListItem\">\r\n                <span itemprop=\"name\">\r\n                    <!-- Home Link -->\r\n                    <a itemprop=\"item\" href=\"https:\/\/encouragement-public.org\/delegation-portugal\">\r\n                    \r\n                        ACCUEIL                    <\/a>\r\n                <\/span>\r\n                <meta itemprop=\"position\" content=\"1\" \/><!-- Meta Position-->\r\n             <\/li><li><span class=\"fbc-separator\"> > <\/span><\/li><li class=\"active\" itemprop=\"itemListElement\" itemscope itemtype=\"https:\/\/schema.org\/ListItem\"><span itemprop=\"name\" title=\"D\u00c9L\u00c9GATION PORTUGAL\">D\u00c9L\u00c9GATION PORTUGAL<\/span><meta itemprop=\"position\" content=\"2\" \/><\/li>\t\t\t\t\t<\/ol>\r\n\t\t\t\t\t<div class=\"clearfix\"><\/div>\r\n\t\t\t\t<\/div>\r\n\t\t\t<\/div>\r\n\t\t\t[\/vc_column_text][\/vc_column][\/vc_row][vc_row gap=&#8221;10&#8243; enable_loading_bg=&#8221;yes&#8221; bg_position=&#8221;center center&#8221; css=&#8221;.vc_custom_1590965269814{padding-top: 5% !important;padding-right: 5% !important;padding-bottom: 5% !important;padding-left: 5% !important;background-position: center !important;background-repeat: no-repeat !important;background-size: cover !important;}&#8221;][vc_column width=&#8221;2\/3&#8243; enable_column_shadowbox=&#8221;yes&#8221; css=&#8221;.vc_custom_1590966035151{padding-top: 5% !important;padding-right: 5% !important;padding-bottom: 5% !important;padding-left: 5% !important;background-color: rgba(255,255,255,0.9) !important;*background-color: rgb(255,255,255) !important;}&#8221; column_box_shadow=&#8221;%5B%7B%22inset%22%3A%22inset%22%2C%22x_offset%22%3A%223%22%2C%22y_offset%22%3A%223%22%2C%22blur_radius%22%3A%223%22%2C%22spread_radius%22%3A%223%22%2C%22shadow_color%22%3A%22rgb(0%2C%200%2C%200)%22%7D%5D&#8221;]<style>.ld_spacer_69f44643d8ea8{height:64px;}<\/style>\n<div class=\"ld-empty-space ld_spacer_69f44643d8ea8\"><span class=\"liquid_empty_space_inner\"><\/span><\/div>[vc_row_inner][vc_column_inner][vc_gmaps link=&#8221;#E-8_JTNDaWZyYW1lJTIwc3JjJTNEJTIyaHR0cHMlM0ElMkYlMkZ3d3cuZ29vZ2xlLmNvbSUyRm1hcHMlMkZlbWJlZCUzRnBiJTNEJTIxMW0xNCUyMTFtOCUyMTFtMyUyMTFkNjIxNzQ5OC40MjkzOTMwNDMlMjEyZC04LjMwNjg4NTQzNzUlMjEzZDQwLjQ1NTYxNzkxMjYwODc2NiUyMTNtMiUyMTFpMTAyNCUyMTJpNzY4JTIxNGYxMy4xJTIxM20zJTIxMW0yJTIxMXMweGIzMjI0MmRiZjQyMjZkNSUyNTNBMHgyYWI4NGIwOTFjNGVmMDQxJTIxMnNQb3J0dWdhbCUyMTVlMCUyMTNtMiUyMTFzZnIlMjEyc2ZyJTIxNHYxNjIwMDMzNDA2NTI4JTIxNW0yJTIxMXNmciUyMTJzZnIlMjIlMjB3aWR0aCUzRCUyMjYwMCUyMiUyMGhlaWdodCUzRCUyMjQ1MCUyMiUyMHN0eWxlJTNEJTIyYm9yZGVyJTNBMCUzQiUyMiUyMGFsbG93ZnVsbHNjcmVlbiUzRCUyMiUyMiUyMGxvYWRpbmclM0QlMjJsYXp5JTIyJTNFJTNDJTJGaWZyYW1lJTNF&#8221;][\/vc_column_inner][\/vc_row_inner][vc_row_inner][vc_column_inner]<style>.ld_spacer_69f44643d8f18{height:32px;}<\/style>\n<div class=\"ld-empty-space ld_spacer_69f44643d8f18\"><span class=\"liquid_empty_space_inner\"><\/span><\/div>[vc_column_text]<\/p>\n<h2 id=\"firstHeading\" class=\"firstHeading\">Portugal<\/h2>\n<p>Le\u00a0<b>Portugal<\/b>, en forme longue la\u00a0<b>R\u00e9publique portugaise<\/b>, en\u00a0<a title=\"Portugais\" href=\"https:\/\/fr.wikipedia.org\/wiki\/Portugais\">portugais<\/a>\u00a0:\u00a0<span class=\"lang-pt\" lang=\"pt\"><i>Rep\u00fablica Portuguesa<\/i><\/span>, est un pays d&#8217;<a title=\"Portugal (homonymie)\" href=\"https:\/\/fr.wikipedia.org\/wiki\/Europe_du_Sud\">Europe du Sud<\/a>, membre de l&#8217;<a title=\"Union europ\u00e9enne\" href=\"https:\/\/fr.wikipedia.org\/wiki\/Union_europ%C3%A9enne\">Union europ\u00e9enne<\/a>, situ\u00e9 dans l&#8217;Ouest de la\u00a0<a title=\"P\u00e9ninsule Ib\u00e9rique\" href=\"https:\/\/fr.wikipedia.org\/wiki\/P%C3%A9ninsule_Ib%C3%A9rique\">p\u00e9ninsule Ib\u00e9rique<\/a>. D\u00e9limit\u00e9 au nord et \u00e0 l&#8217;est par l&#8217;<a title=\"Espagne\" href=\"https:\/\/fr.wikipedia.org\/wiki\/Espagne\">Espagne<\/a>\u00a0puis au sud et \u00e0 l&#8217;ouest par l&#8217;<a title=\"Oc\u00e9an Atlantique\" href=\"https:\/\/fr.wikipedia.org\/wiki\/Oc%C3%A9an_Atlantique\">oc\u00e9an Atlantique<\/a>, il est le pays le plus occidental de l&#8217;<a title=\"Europe continentale\" href=\"https:\/\/fr.wikipedia.org\/wiki\/Europe_continentale\">Europe continentale<\/a>. Il comprend \u00e9galement les\u00a0<a title=\"Archipel\" href=\"https:\/\/fr.wikipedia.org\/wiki\/Archipel\">archipels<\/a>\u00a0des\u00a0<a title=\"A\u00e7ores\" href=\"https:\/\/fr.wikipedia.org\/wiki\/A%C3%A7ores\">A\u00e7ores<\/a>\u00a0et de\u00a0<a title=\"Mad\u00e8re\" href=\"https:\/\/fr.wikipedia.org\/wiki\/Mad%C3%A8re\">Mad\u00e8re<\/a>, deux r\u00e9gions autonomes situ\u00e9es dans le nord de l&#8217;<a title=\"Oc\u00e9an Atlantique\" href=\"https:\/\/fr.wikipedia.org\/wiki\/Oc%C3%A9an_Atlantique\">oc\u00e9an Atlantique<\/a>, pour une superficie totale de 92\u00a0090\u00a0<abbr class=\"abbr\" title=\"kilom\u00e8tre carr\u00e9\">km<sup>2<\/sup><\/abbr><sup id=\"cite_ref-cia_2-1\" class=\"reference\"><a href=\"https:\/\/fr.wikipedia.org\/wiki\/Portugal#cite_note-cia-2\">2<\/a><\/sup>. Membre fondateur de l&#8217;<a title=\"Organisation du trait\u00e9 de l'Atlantique nord\" href=\"https:\/\/fr.wikipedia.org\/wiki\/Organisation_du_trait%C3%A9_de_l%27Atlantique_nord\">OTAN<\/a>, le Portugal est \u00e9troitement li\u00e9 politiquement et militairement avec l&#8217;ensemble des autres\u00a0<a title=\"Occident\" href=\"https:\/\/fr.wikipedia.org\/wiki\/Occident\">pays occidentaux<\/a>. Il est \u00e9galement membre de l\u2019<a title=\"Organisation de coop\u00e9ration et de d\u00e9veloppement \u00e9conomiques\" href=\"https:\/\/fr.wikipedia.org\/wiki\/Organisation_de_coop%C3%A9ration_et_de_d%C3%A9veloppement_%C3%A9conomiques\">OCDE<\/a>, de l&#8217;<a title=\"Organisation des Nations unies\" href=\"https:\/\/fr.wikipedia.org\/wiki\/Organisation_des_Nations_unies\">ONU<\/a>, du\u00a0<a title=\"Conseil de l'Europe\" href=\"https:\/\/fr.wikipedia.org\/wiki\/Conseil_de_l%27Europe\">conseil de l&#8217;Europe<\/a>\u00a0et de l\u2019<a title=\"Espace Schengen\" href=\"https:\/\/fr.wikipedia.org\/wiki\/Espace_Schengen\">espace Schengen<\/a>\u00a0et est l&#8217;un des pays fondateurs de la\u00a0<a title=\"Zone euro\" href=\"https:\/\/fr.wikipedia.org\/wiki\/Zone_euro\">zone euro<\/a>. Le Portugal entretient en outre d&#8217;importantes relations avec l&#8217;<a title=\"Espagne\" href=\"https:\/\/fr.wikipedia.org\/wiki\/Espagne\">Espagne<\/a>\u00a0et la\u00a0<a title=\"France\" href=\"https:\/\/fr.wikipedia.org\/wiki\/France\">France<\/a><sup id=\"cite_ref-5\" class=\"reference\"><a href=\"https:\/\/fr.wikipedia.org\/wiki\/Portugal#cite_note-5\">4<\/a><\/sup>, l&#8217;<a title=\"Allemagne\" href=\"https:\/\/fr.wikipedia.org\/wiki\/Allemagne\">Allemagne<\/a>, le\u00a0<a title=\"Royaume-Uni\" href=\"https:\/\/fr.wikipedia.org\/wiki\/Royaume-Uni\">Royaume-Uni<\/a>\u00a0et l&#8217;<a title=\"Italie\" href=\"https:\/\/fr.wikipedia.org\/wiki\/Italie\">Italie<\/a>, qui sont ses cinq plus importants partenaires commerciaux<sup id=\"cite_ref-6\" class=\"reference\"><a href=\"https:\/\/fr.wikipedia.org\/wiki\/Portugal#cite_note-6\">5<\/a><\/sup>.<\/p>\n<p>Fond\u00e9 au\u00a0<a title=\"XIIe si\u00e8cle\" href=\"https:\/\/fr.wikipedia.org\/wiki\/XIIe_si%C3%A8cle\"><abbr class=\"abbr\" title=\"12\u1d49 si\u00e8cle\"><span class=\"romain\">xii<\/span><sup>e<\/sup><\/abbr>\u00a0si\u00e8cle<\/a>, le\u00a0<a title=\"Royaume de Portugal\" href=\"https:\/\/fr.wikipedia.org\/wiki\/Royaume_de_Portugal\">royaume de Portugal<\/a>\u00a0devient au\u00a0<a title=\"XVe si\u00e8cle\" href=\"https:\/\/fr.wikipedia.org\/wiki\/XVe_si%C3%A8cle\"><abbr class=\"abbr\" title=\"15\u1d49 si\u00e8cle\"><span class=\"romain\">xv<\/span><sup>e<\/sup><\/abbr>\u00a0si\u00e8cle<\/a>\u00a0l&#8217;une des principales puissances d&#8217;Europe occidentale, jouant un r\u00f4le majeur dans les\u00a0<a title=\"Grandes d\u00e9couvertes\" href=\"https:\/\/fr.wikipedia.org\/wiki\/Grandes_d%C3%A9couvertes\">Grandes d\u00e9couvertes<\/a>\u00a0et se constituant un vaste\u00a0<a title=\"Empire colonial\" href=\"https:\/\/fr.wikipedia.org\/wiki\/Empire_colonial\">empire colonial<\/a>\u00a0en\u00a0<a title=\"Afrique\" href=\"https:\/\/fr.wikipedia.org\/wiki\/Afrique\">Afrique<\/a>, en\u00a0<a title=\"Asie\" href=\"https:\/\/fr.wikipedia.org\/wiki\/Asie\">Asie<\/a>, en\u00a0<a title=\"Oc\u00e9anie\" href=\"https:\/\/fr.wikipedia.org\/wiki\/Oc%C3%A9anie\">Oc\u00e9anie<\/a>, et en\u00a0<a title=\"Am\u00e9rique du Sud\" href=\"https:\/\/fr.wikipedia.org\/wiki\/Am%C3%A9rique_du_Sud\">Am\u00e9rique du Sud<\/a>. La puissance du pays d\u00e9cline \u00e0 partir du\u00a0<a title=\"XVIIe si\u00e8cle\" href=\"https:\/\/fr.wikipedia.org\/wiki\/XVIIe_si%C3%A8cle\"><abbr class=\"abbr\" title=\"17\u1d49 si\u00e8cle\"><span class=\"romain\">xvii<\/span><sup>e<\/sup><\/abbr>\u00a0si\u00e8cle<\/a>. La monarchie portugaise est renvers\u00e9e en\u00a0<a title=\"1910\" href=\"https:\/\/fr.wikipedia.org\/wiki\/1910\">1910<\/a>, \u00e0 l&#8217;issue d&#8217;un soul\u00e8vement militaire qui contraint le roi\u00a0<a class=\"mw-redirect\" title=\"Manuel II de Portugal\" href=\"https:\/\/fr.wikipedia.org\/wiki\/Manuel_II_de_Portugal\">Manuel II<\/a>\u00a0\u00e0 l&#8217;<a title=\"Exil\" href=\"https:\/\/fr.wikipedia.org\/wiki\/Exil\">exil<\/a>. La\u00a0<a class=\"mw-redirect\" title=\"Premi\u00e8re R\u00e9publique portugaise\" href=\"https:\/\/fr.wikipedia.org\/wiki\/Premi%C3%A8re_R%C3%A9publique_portugaise\">Premi\u00e8re R\u00e9publique portugaise<\/a>\u00a0(<a title=\"Portugais\" href=\"https:\/\/fr.wikipedia.org\/wiki\/Portugais\">Portugais<\/a>\u00a0:\u00a0<i>Primeira Rep\u00fablica<\/i>) est le r\u00e9gime politique en vigueur au Portugal entre la fin de la monarchie constitutionnelle marqu\u00e9e par la r\u00e9volution du\u00a0<time class=\"nowrap date-lien\" datetime=\"1910-10-05\" data-sort-value=\"1910-10-05\"><a title=\"5 octobre\" href=\"https:\/\/fr.wikipedia.org\/wiki\/5_octobre\">5<\/a>\u00a0<a title=\"Octobre 1910\" href=\"https:\/\/fr.wikipedia.org\/wiki\/Octobre_1910\">octobre<\/a>\u00a0<a title=\"1910\" href=\"https:\/\/fr.wikipedia.org\/wiki\/1910\">1910<\/a><\/time>\u00a0et le coup d&#8217;\u00c9tat militaire du\u00a0<time class=\"nowrap date-lien\" datetime=\"1926-05-28\" data-sort-value=\"1926-05-28\"><a title=\"28 mai\" href=\"https:\/\/fr.wikipedia.org\/wiki\/28_mai\">28<\/a>\u00a0<a title=\"Mai 1926\" href=\"https:\/\/fr.wikipedia.org\/wiki\/Mai_1926\">mai<\/a>\u00a0<a title=\"1926\" href=\"https:\/\/fr.wikipedia.org\/wiki\/1926\">1926<\/a><\/time>. Puis, pendant plus de quarante ans, le pays est soumis au\u00a0<a title=\"Estado Novo (Portugal)\" href=\"https:\/\/fr.wikipedia.org\/wiki\/Estado_Novo_(Portugal)\">r\u00e9gime autoritaire<\/a>\u00a0d&#8217;<a title=\"Ant\u00f3nio de Oliveira Salazar\" href=\"https:\/\/fr.wikipedia.org\/wiki\/Ant%C3%B3nio_de_Oliveira_Salazar\">Ant\u00f3nio de Oliveira Salazar<\/a>, jusqu&#8217;\u00e0 la\u00a0<a title=\"R\u00e9volution des \u0152illets\" href=\"https:\/\/fr.wikipedia.org\/wiki\/R%C3%A9volution_des_%C5%92illets\">r\u00e9volution des \u0152illets<\/a>\u00a0de 1974 qui met fin \u00e0 la dictature et restaure la\u00a0<a title=\"D\u00e9mocratie\" href=\"https:\/\/fr.wikipedia.org\/wiki\/D%C3%A9mocratie\">d\u00e9mocratie<\/a>\u00a0dans le pays. L&#8217;\u00e9conomie du Portugal a alors connu un essor important. Il devient \u00e0 la fin du\u00a0<abbr class=\"abbr\" title=\"20\u1d49 si\u00e8cle\"><span class=\"romain\">xx<\/span><sup>e<\/sup><\/abbr>\u00a0si\u00e8cle un pays d\u00e9velopp\u00e9 selon les standards europ\u00e9ens, \u00e9conomiquement prosp\u00e8re, socialement et politiquement stable. En 2011, la\u00a0<a title=\"\" href=\"https:\/\/fr.wikipedia.org\/wiki\/Crise_financi%C3%A8re_mondiale_de_2007-2008\">d\u00e9gradation \u00e9conomique mondiale<\/a>\u00a0conduit le Portugal \u00e0 la\u00a0<a title=\"R\u00e9cession (\u00e9conomie)\" href=\"https:\/\/fr.wikipedia.org\/wiki\/R%C3%A9cession_(%C3%A9conomie)\">r\u00e9cession<\/a>\u00a0et provoque une\u00a0<a title=\"Crise socio-\u00e9conomique et politique du Portugal en 2009 et apr\u00e8s\" href=\"https:\/\/fr.wikipedia.org\/wiki\/Crise_socio-%C3%A9conomique_et_politique_du_Portugal_en_2009_et_apr%C3%A8s\">crise socio-\u00e9conomique et politique<\/a>. Le Portugal doit \u00e9galement relever le d\u00e9fi du renouvellement des g\u00e9n\u00e9rations, le pays a en effet la f\u00e9condit\u00e9 la plus faible d&#8217;Europe<sup id=\"cite_ref-7\" class=\"reference\"><a href=\"https:\/\/fr.wikipedia.org\/wiki\/Portugal#cite_note-7\">6<\/a><\/sup>\u00a0et une des plus faibles au monde avec seulement\u00a0<span class=\"nowrap\">1,23 enfant<\/span>\u00a0par femme.<\/p>\n<p>Durant la\u00a0<a title=\"Dictature\" href=\"https:\/\/fr.wikipedia.org\/wiki\/Dictature\">dictature<\/a>\u00a0de 1926 \u00e0 1974 pr\u00e8s d&#8217;un million et demi de\u00a0<a title=\"Portugais (peuple)\" href=\"https:\/\/fr.wikipedia.org\/wiki\/Portugais_(peuple)\">Portugais<\/a>\u00a0sont partis travailler en dehors du pays pour fuir la pauvret\u00e9 de la campagne et les guerres coloniales. Les fortes zones d&#8217;<a title=\"\u00c9migration\" href=\"https:\/\/fr.wikipedia.org\/wiki\/%C3%89migration\">\u00e9migration<\/a>\u00a0portugaise sont le\u00a0<a title=\"Br\u00e9sil\" href=\"https:\/\/fr.wikipedia.org\/wiki\/Br%C3%A9sil\">Br\u00e9sil<\/a>, les\u00a0<a title=\"\u00c9tats-Unis\" href=\"https:\/\/fr.wikipedia.org\/wiki\/%C3%89tats-Unis\">\u00c9tats-Unis<\/a>, la\u00a0<a title=\"France\" href=\"https:\/\/fr.wikipedia.org\/wiki\/France\">France<\/a><sup id=\"cite_ref-8\" class=\"reference\"><a href=\"https:\/\/fr.wikipedia.org\/wiki\/Portugal#cite_note-8\">7<\/a><\/sup>, le\u00a0<a title=\"Luxembourg\" href=\"https:\/\/fr.wikipedia.org\/wiki\/Luxembourg\">Luxembourg<\/a>\u00a0(14,1\u00a0% de la population totale du pays)<sup id=\"cite_ref-9\" class=\"reference\"><a href=\"https:\/\/fr.wikipedia.org\/wiki\/Portugal#cite_note-9\">8<\/a><\/sup>, la\u00a0<a title=\"Suisse\" href=\"https:\/\/fr.wikipedia.org\/wiki\/Suisse\">Suisse<\/a><sup id=\"cite_ref-10\" class=\"reference\"><a href=\"https:\/\/fr.wikipedia.org\/wiki\/Portugal#cite_note-10\">9<\/a><\/sup>, l&#8217;<a title=\"Argentine\" href=\"https:\/\/fr.wikipedia.org\/wiki\/Argentine\">Argentine<\/a>, le\u00a0<a title=\"Venezuela\" href=\"https:\/\/fr.wikipedia.org\/wiki\/Venezuela\">Venezuela<\/a>, le\u00a0<a title=\"Canada\" href=\"https:\/\/fr.wikipedia.org\/wiki\/Canada\">Canada<\/a><sup id=\"cite_ref-11\" class=\"reference\"><a href=\"https:\/\/fr.wikipedia.org\/wiki\/Portugal#cite_note-11\">10<\/a><\/sup>, ainsi que la principaut\u00e9 d&#8217;<a title=\"Andorre\" href=\"https:\/\/fr.wikipedia.org\/wiki\/Andorre\">Andorre<\/a><sup id=\"cite_ref-12\" class=\"reference\"><a href=\"https:\/\/fr.wikipedia.org\/wiki\/Portugal#cite_note-12\">11<\/a><\/sup>. Avec plus de 30\u00a0millions de luso-descendants (descendants portugais) dans le monde, la\u00a0<a title=\"Diaspora portugaise\" href=\"https:\/\/fr.wikipedia.org\/wiki\/Diaspora_portugaise\">diaspora portugaise<\/a>\u00a0est \u00e0 l&#8217;heure actuelle l&#8217;une des principales diasporas europ\u00e9ennes et mondiales.<\/p>\n<p>Le tourisme, principalement baln\u00e9aire, est une ressource tr\u00e8s importante, notamment en\u00a0<a title=\"Algarve\" href=\"https:\/\/fr.wikipedia.org\/wiki\/Algarve\">Algarve<\/a>\u00a0et dans la r\u00e9gion de Lisbonne. Le climat subtropical de Mad\u00e8re et ses paysages singuliers en font une destination touristique appr\u00e9ci\u00e9e. Le Portugal est l&#8217;un des pays les plus visit\u00e9s d&#8217;Europe avec\u00a0<span class=\"nowrap\">12,7 millions<\/span>\u00a0de touristes en 2019<sup id=\"cite_ref-13\" class=\"reference\"><a href=\"https:\/\/fr.wikipedia.org\/wiki\/Portugal#cite_note-13\">12<\/a><\/sup>. Il est \u00e9galement un grand pays viticole, r\u00e9put\u00e9 notamment pour le\u00a0<a title=\"Porto (DOC)\" href=\"https:\/\/fr.wikipedia.org\/wiki\/Porto_(DOC)\">vin de Porto<\/a>. Le Portugal est par ailleurs le premier producteur mondial de\u00a0<a title=\"Li\u00e8ge (mat\u00e9riau)\" href=\"https:\/\/fr.wikipedia.org\/wiki\/Li%C3%A8ge_(mat%C3%A9riau)\">li\u00e8ge<\/a>. Le Portugal rayonne enfin gr\u00e2ce aux grands \u00e9v\u00e9nements qu&#8217;il organise. Sa\u00a0<a title=\"Capitale\" href=\"https:\/\/fr.wikipedia.org\/wiki\/Capitale\">capitale<\/a>,\u00a0<a title=\"Lisbonne\" href=\"https:\/\/fr.wikipedia.org\/wiki\/Lisbonne\">Lisbonne<\/a>, a ainsi accueilli l&#8217;<a title=\"Exposition sp\u00e9cialis\u00e9e de 1998\" href=\"https:\/\/fr.wikipedia.org\/wiki\/Exposition_sp%C3%A9cialis%C3%A9e_de_1998\">Exposition universelle<\/a>\u00a0sur le th\u00e8me des oc\u00e9ans en 1998<sup id=\"cite_ref-14\" class=\"reference\"><a href=\"https:\/\/fr.wikipedia.org\/wiki\/Portugal#cite_note-14\">13<\/a><\/sup>. Il s&#8217;est \u00e9galement port\u00e9 candidat, conjointement avec l&#8217;Espagne, \u00e0 l&#8217;organisation de la\u00a0<a title=\"\" href=\"https:\/\/fr.wikipedia.org\/wiki\/Coupe_du_monde_de_football_2018\">coupe du monde de football 2018<\/a>\u00a0apr\u00e8s avoir \u00e9t\u00e9 l&#8217;h\u00f4te du\u00a0<a title=\"Championnat d'Europe de football 2004\" href=\"https:\/\/fr.wikipedia.org\/wiki\/Championnat_d%27Europe_de_football_2004\">championnat d&#8217;Europe en 2004<\/a><sup id=\"cite_ref-15\" class=\"reference\"><a href=\"https:\/\/fr.wikipedia.org\/wiki\/Portugal#cite_note-15\">14<\/a><\/sup>.[\/vc_column_text][\/vc_column_inner][\/vc_row_inner]<style>.ld_spacer_69f44643d8f6f{height:32px;}<\/style>\n<div class=\"ld-empty-space ld_spacer_69f44643d8f6f\"><span class=\"liquid_empty_space_inner\"><\/span><\/div>[vc_row_inner gap=&#8221;5&#8243;][vc_column_inner][vc_custom_heading text=&#8221;Monuments du Portugal&#8221;][vc_media_grid grid_id=&#8221;vc_gid:1620054283994-dda619e8-0ac7-10&#8243; include=&#8221;9676,9677,9678,9679,9680,9681,9682,9683,9684&#8243;][\/vc_column_inner][\/vc_row_inner][\/vc_column][vc_column width=&#8221;1\/3&#8243; enable_column_shadowbox=&#8221;yes&#8221; css=&#8221;.vc_custom_1590965255430{padding-top: 5% !important;padding-right: 5% !important;padding-bottom: 5% !important;padding-left: 5% !important;background-color: rgba(255,255,255,0.9) !important;*background-color: rgb(255,255,255) !important;}&#8221; column_box_shadow=&#8221;%5B%7B%22inset%22%3A%22inset%22%2C%22x_offset%22%3A%223%22%2C%22y_offset%22%3A%223%22%2C%22blur_radius%22%3A%223%22%2C%22spread_radius%22%3A%223%22%2C%22shadow_color%22%3A%22rgb(0%2C%200%2C%200)%22%7D%5D&#8221;]<style>.ld_spacer_69f44643d8fbf{height:64px;}<\/style>\n<div class=\"ld-empty-space ld_spacer_69f44643d8fbf\"><span class=\"liquid_empty_space_inner\"><\/span><\/div><div id=\"ld_team_member_69f44643d9024\" class=\"ld-tm d-flex flex-column text-center ld_team_member_69f44643d9024\">\n\n\t<div class=\"ld-tm-img mb-3 text-center\"><figure><img loading=\"lazy\" decoding=\"async\" width=\"225\" height=\"225\" src=\"https:\/\/encouragement-public.org\/delegation-portugal\/wp-content\/uploads\/sites\/23\/2021\/03\/delegue.png\" class=\"circle\" alt=\"d\u00e9l\u00e9gu\u00e9\" srcset=\"https:\/\/encouragement-public.org\/delegation-portugal\/wp-content\/uploads\/sites\/23\/2021\/03\/delegue.png 225w, https:\/\/encouragement-public.org\/delegation-portugal\/wp-content\/uploads\/sites\/23\/2021\/03\/delegue-150x150.png 150w\" sizes=\"auto, (max-width: 225px) 100vw, 225px\" \/><\/figure><\/div>\n\t<div class=\"ld-tm-info\">\n\n\t\t<h3 class=\"ld-tm-name size-sm font-weight-semibold mb-3\">....................................<\/h3>\t\t<h6 class=\"ld-tm-pos text-uppercase ltr-sp-175 font-weight-bold mb-3 color-primary\">D\u00c9L\u00c9GU\u00c9 PORTUGAL<\/h6>\t\t\t\t<ul class=\"ld-tm-social social-icon branded-text mt-3\"><\/ul>\n\t<\/div><!-- \/.ld-tm-info -->\n\n\t\n<\/div><!-- \/.ld-team-member -->[vc_column_text]<\/p>\n<p style=\"text-align: center;\"><strong>Email : <\/strong><a href=\"mailto:portugal@encouragement-public.org\">portugal@encouragement-public.org<\/a><\/p>\n<p style=\"text-align: center;\"><strong>T\u00e9l :<\/strong> &#8230;&#8230;&#8230;&#8230;&#8230;&#8230;&#8230;&#8230;.<\/p>\n<p>[\/vc_column_text]<style>.ld_spacer_69f44643d95ba{height:32px;}<\/style>\n<div class=\"ld-empty-space ld_spacer_69f44643d95ba\"><span class=\"liquid_empty_space_inner\"><\/span><\/div>[vc_custom_heading text=&#8221;Contacter le D\u00e9l\u00e9gu\u00e9&#8221; font_container=&#8221;tag:h2|font_size:25|text_align:left|color:%23000000&#8243;]<style>.ld_spacer_69f44643d961e{height:32px;}<\/style>\n<div class=\"ld-empty-space ld_spacer_69f44643d961e\"><span class=\"liquid_empty_space_inner\"><\/span><\/div><style>.ld_cf7_69f44643d96bd input,.ld_cf7_69f44643d96bd textarea,.ld_cf7_69f44643d96bd .ui-selectmenu-button{font-size:14px;}.ld_cf7_69f44643d96bd input, .ld_cf7_69f44643d96bd select, .ld_cf7_69f44643d96bd textarea, .ld_cf7_69f44643d96bd .ui-selectmenu-button{color:rgb(3, 3, 3);}<\/style><div id=\"ld_cf7_69f44643d96bd\" class=\"lqd-contact-form lqd-contact-form-inputs-md lqd-contact-form-inputs-round lqd-contact-form-button-bordered lqd-contact-form-button-border-thick lqd-contact-form-button-sm lqd-contact-form-button-circle ld_cf7_69f44643d96bd\">\n\t\n<div class=\"wpcf7 no-js\" id=\"wpcf7-f9226-o1\" lang=\"fr-FR\" dir=\"ltr\" data-wpcf7-id=\"9226\">\n<div class=\"screen-reader-response\"><p role=\"status\" aria-live=\"polite\" aria-atomic=\"true\"><\/p> <ul><\/ul><\/div>\n<form action=\"\/delegation-portugal\/wp-json\/wp\/v2\/pages\/9515#wpcf7-f9226-o1\" method=\"post\" class=\"wpcf7-form init\" aria-label=\"Formulaire de contact\" novalidate=\"novalidate\" data-status=\"init\">\n<fieldset class=\"hidden-fields-container\"><input type=\"hidden\" name=\"_wpcf7\" value=\"9226\" \/><input type=\"hidden\" name=\"_wpcf7_version\" value=\"6.1.5\" \/><input type=\"hidden\" name=\"_wpcf7_locale\" value=\"fr_FR\" \/><input type=\"hidden\" name=\"_wpcf7_unit_tag\" value=\"wpcf7-f9226-o1\" \/><input type=\"hidden\" name=\"_wpcf7_container_post\" value=\"0\" \/><input type=\"hidden\" name=\"_wpcf7_posted_data_hash\" value=\"\" \/>\n<\/fieldset>\n<div class=\"row\">\n\t<p class=\"col-md-6\"><br \/>\n<span class=\"wpcf7-form-control-wrap\" data-name=\"first-name\"><input size=\"40\" maxlength=\"400\" class=\"wpcf7-form-control wpcf7-text wpcf7-validates-as-required\" aria-required=\"true\" aria-invalid=\"false\" placeholder=\"Votre pr\u00e9nom\" value=\"\" type=\"text\" name=\"first-name\" \/><\/span>\n\t<\/p>\n\t<p class=\"col-md-6\"><br \/>\n<span class=\"wpcf7-form-control-wrap\" data-name=\"your-name\"><input size=\"40\" maxlength=\"400\" class=\"wpcf7-form-control wpcf7-text wpcf7-validates-as-required\" aria-required=\"true\" aria-invalid=\"false\" placeholder=\"votre nom\" value=\"\" type=\"text\" name=\"your-name\" \/><\/span>\n\t<\/p>\n\t<p class=\"col-md-6\"><br \/>\n<span class=\"wpcf7-form-control-wrap\" data-name=\"your-email\"><input size=\"40\" maxlength=\"400\" class=\"wpcf7-form-control wpcf7-email wpcf7-validates-as-required wpcf7-text wpcf7-validates-as-email\" aria-required=\"true\" aria-invalid=\"false\" placeholder=\"email\" value=\"\" type=\"email\" name=\"your-email\" \/><\/span>\n\t<\/p>\n\t<p class=\"col-md-6\"><br \/>\n<span class=\"wpcf7-form-control-wrap\" data-name=\"your-subject\"><input size=\"40\" maxlength=\"400\" class=\"wpcf7-form-control wpcf7-text wpcf7-validates-as-required\" aria-required=\"true\" aria-invalid=\"false\" placeholder=\"objet\" value=\"\" type=\"text\" name=\"your-subject\" \/><\/span>\n\t<\/p>\n\t<p class=\"col-md-12\"><br \/>\n<span class=\"wpcf7-form-control-wrap\" data-name=\"your-message\"><textarea cols=\"10\" rows=\"4\" maxlength=\"2000\" class=\"wpcf7-form-control wpcf7-textarea wpcf7-validates-as-required\" aria-required=\"true\" aria-invalid=\"false\" placeholder=\"Message\" name=\"your-message\"><\/textarea><\/span>\n\t<\/p>\n\t<p class=\"col-md-12 text-md-right\"><br \/>\n<input class=\"wpcf7-form-control wpcf7-submit has-spinner\" type=\"submit\" value=\"ENVOYER\" \/>\n\t<\/p>\n<\/div><p style=\"display: none !important;\" class=\"akismet-fields-container\" data-prefix=\"_wpcf7_ak_\"><label>&#916;<textarea name=\"_wpcf7_ak_hp_textarea\" cols=\"45\" rows=\"8\" maxlength=\"100\"><\/textarea><\/label><input type=\"hidden\" id=\"ak_js_1\" name=\"_wpcf7_ak_js\" value=\"65\"\/><script type=\"text\/javascript\">\n\/* <![CDATA[ *\/\ndocument.getElementById( \"ak_js_1\" ).setAttribute( \"value\", ( new Date() ).getTime() );\n\/* ]]> *\/\n<\/script>\n<\/p><div class=\"wpcf7-response-output\" aria-hidden=\"true\"><\/div>\n<\/form>\n<\/div>\n<\/div><style>.ld_spacer_69f44643da467{height:32px;}<\/style>\n<div class=\"ld-empty-space ld_spacer_69f44643da467\"><span class=\"liquid_empty_space_inner\"><\/span><\/div>[vc_custom_heading text=&#8221;Adresse de la d\u00e9l\u00e9gation&#8221; font_container=&#8221;tag:h2|font_size:25|text_align:left|color:%23000000&#8243;]<style>.ld_spacer_69f44643da4c5{height:32px;}<\/style>\n<div class=\"ld-empty-space ld_spacer_69f44643da4c5\"><span class=\"liquid_empty_space_inner\"><\/span><\/div>[vc_column_text]&#8230;&#8230;&#8230;&#8230;&#8230;&#8230;&#8230;&#8230;&#8230;&#8230;&#8230;&#8230;&#8230;&#8230;&#8230;&#8230;&#8230;&#8230;&#8230;&#8230;&#8230;&#8230;&#8230;&#8230;&#8230;&#8230;&#8230;.[\/vc_column_text]<style>.ld_spacer_69f44643da50c{height:32px;}<\/style>\n<div class=\"ld-empty-space ld_spacer_69f44643da50c\"><span class=\"liquid_empty_space_inner\"><\/span><\/div>[vc_gmaps link=&#8221;#E-8_JTNDaWZyYW1lJTIwc3JjJTNEJTIyaHR0cHMlM0ElMkYlMkZ3d3cuZ29vZ2xlLmNvbSUyRm1hcHMlMkZlbWJlZCUzRnBiJTNEJTIxMW0xNCUyMTFtOCUyMTFtMyUyMTFkNjIxNzQ5OC40MjkzOTMwNDMlMjEyZC04LjMwNjg4NTQzNzUlMjEzZDQwLjQ1NTYxNzkxMjYwODc2NiUyMTNtMiUyMTFpMTAyNCUyMTJpNzY4JTIxNGYxMy4xJTIxM20zJTIxMW0yJTIxMXMweGIzMjI0MmRiZjQyMjZkNSUyNTNBMHgyYWI4NGIwOTFjNGVmMDQxJTIxMnNQb3J0dWdhbCUyMTVlMCUyMTNtMiUyMTFzZnIlMjEyc2ZyJTIxNHYxNjIwMDMzNDA2NTI4JTIxNW0yJTIxMXNmciUyMTJzZnIlMjIlMjB3aWR0aCUzRCUyMjYwMCUyMiUyMGhlaWdodCUzRCUyMjQ1MCUyMiUyMHN0eWxlJTNEJTIyYm9yZGVyJTNBMCUzQiUyMiUyMGFsbG93ZnVsbHNjcmVlbiUzRCUyMiUyMiUyMGxvYWRpbmclM0QlMjJsYXp5JTIyJTNFJTNDJTJGaWZyYW1lJTNF&#8221;][\/vc_column][\/vc_row][vc_row bg_type=&#8221;bg_color&#8221; bg_color_value=&#8221;#ffffff&#8221;][vc_column][vc_column_text]<\/p>\n<div style=\"font-size: 10px;\"><a href=\"http:\/\/creativecommons.org\/licenses\/by-sa\/3.0\/deed.fr\">Contenu soumis \u00e0 la licence CC-BY-SA<\/a>. Source : Article <em><a href=\"http:\/\/fr.wikipedia.org\/wiki\/Portugal\">Portugal<\/a><\/em> de <a href=\"http:\/\/fr.wikipedia.org\/\">Wikip\u00e9dia en fran\u00e7ais<\/a> (<a href=\"http:\/\/fr.wikipedia.org\/w\/index.php?title=Portugal&amp;action=history\">auteurs<\/a>)<\/div>\n<p>[\/vc_column_text][\/vc_column][\/vc_row]<\/p>\n<\/div>","protected":false},"excerpt":{"rendered":"<p>[vc_row][vc_column][vc_custom_heading text=&#8221;D\u00c9L\u00c9GATION PORTUGAL&#8221; font_container=&#8221;tag:h1|text_align:left|color:%2356bf33&#8243; css=&#8221;.vc_custom_1620044977527{background-color: rgba(255,255,255,0.01) !important;*background-color: rgb(255,255,255) !important;}&#8221;][vc_column_text][\/vc_column_text][\/vc_column][\/vc_row][vc_row gap=&#8221;10&#8243; enable_loading_bg=&#8221;yes&#8221; bg_position=&#8221;center center&#8221; css=&#8221;.vc_custom_1590965269814{padding-top: 5%&#8230;<\/p>\n","protected":false},"author":1,"featured_media":9668,"parent":0,"menu_order":0,"comment_status":"closed","ping_status":"closed","template":"","meta":{"footnotes":""},"class_list":["post-9515","page","type-page","status-publish","has-post-thumbnail","hentry"],"yoast_head":"<!-- This site is optimized with the Yoast SEO plugin v27.5 - https:\/\/yoast.com\/product\/yoast-seo-wordpress\/ -->\n<title>D\u00c9L\u00c9GATION PORTUGAL - D\u00e9l\u00e9gation Portugal<\/title>\n<meta name=\"robots\" content=\"index, follow, max-snippet:-1, max-image-preview:large, max-video-preview:-1\" \/>\n<link rel=\"canonical\" href=\"https:\/\/encouragement-public.org\/delegation-portugal\/delegation-portugal\/\" \/>\n<meta property=\"og:locale\" content=\"fr_FR\" \/>\n<meta property=\"og:type\" content=\"article\" \/>\n<meta property=\"og:title\" content=\"D\u00c9L\u00c9GATION PORTUGAL - D\u00e9l\u00e9gation Portugal\" \/>\n<meta property=\"og:description\" content=\"[vc_row][vc_column][vc_custom_heading text=&#8221;D\u00c9L\u00c9GATION PORTUGAL&#8221; font_container=&#8221;tag:h1|text_align:left|color:%2356bf33&#8243; css=&#8221;.vc_custom_1620044977527{background-color: rgba(255,255,255,0.01) !important;*background-color: rgb(255,255,255) !important;}&#8221;][vc_column_text][\/vc_column_text][\/vc_column][\/vc_row][vc_row gap=&#8221;10&#8243; enable_loading_bg=&#8221;yes&#8221; bg_position=&#8221;center center&#8221; css=&#8221;.vc_custom_1590965269814{padding-top: 5%...\" \/>\n<meta property=\"og:url\" content=\"https:\/\/encouragement-public.org\/delegation-portugal\/delegation-portugal\/\" \/>\n<meta property=\"og:site_name\" content=\"D\u00e9l\u00e9gation Portugal\" \/>\n<meta property=\"article:modified_time\" content=\"2021-05-03T15:04:57+00:00\" \/>\n<meta property=\"og:image\" content=\"https:\/\/encouragement-public.org\/delegation-portugal\/wp-content\/uploads\/sites\/23\/2021\/05\/le-monument-des-decouvertes-lisbonne.jpg\" \/>\n\t<meta property=\"og:image:width\" content=\"2193\" \/>\n\t<meta property=\"og:image:height\" content=\"1644\" \/>\n\t<meta property=\"og:image:type\" content=\"image\/jpeg\" \/>\n<meta name=\"twitter:card\" content=\"summary_large_image\" \/>\n<meta name=\"twitter:label1\" content=\"Dur\u00e9e de lecture estim\u00e9e\" \/>\n\t<meta name=\"twitter:data1\" content=\"6 minutes\" \/>\n<script type=\"application\/ld+json\" class=\"yoast-schema-graph\">{\"@context\":\"https:\\\/\\\/schema.org\",\"@graph\":[{\"@type\":\"WebPage\",\"@id\":\"https:\\\/\\\/encouragement-public.org\\\/delegation-portugal\\\/delegation-portugal\\\/\",\"url\":\"https:\\\/\\\/encouragement-public.org\\\/delegation-portugal\\\/delegation-portugal\\\/\",\"name\":\"D\u00c9L\u00c9GATION PORTUGAL - D\u00e9l\u00e9gation Portugal\",\"isPartOf\":{\"@id\":\"https:\\\/\\\/encouragement-public.org\\\/delegation-portugal\\\/#website\"},\"primaryImageOfPage\":{\"@id\":\"https:\\\/\\\/encouragement-public.org\\\/delegation-portugal\\\/delegation-portugal\\\/#primaryimage\"},\"image\":{\"@id\":\"https:\\\/\\\/encouragement-public.org\\\/delegation-portugal\\\/delegation-portugal\\\/#primaryimage\"},\"thumbnailUrl\":\"https:\\\/\\\/encouragement-public.org\\\/delegation-portugal\\\/wp-content\\\/uploads\\\/sites\\\/23\\\/2021\\\/05\\\/le-monument-des-decouvertes-lisbonne.jpg\",\"datePublished\":\"2020-10-04T19:15:32+00:00\",\"dateModified\":\"2021-05-03T15:04:57+00:00\",\"breadcrumb\":{\"@id\":\"https:\\\/\\\/encouragement-public.org\\\/delegation-portugal\\\/delegation-portugal\\\/#breadcrumb\"},\"inLanguage\":\"fr-FR\",\"potentialAction\":[{\"@type\":\"ReadAction\",\"target\":[\"https:\\\/\\\/encouragement-public.org\\\/delegation-portugal\\\/delegation-portugal\\\/\"]}]},{\"@type\":\"ImageObject\",\"inLanguage\":\"fr-FR\",\"@id\":\"https:\\\/\\\/encouragement-public.org\\\/delegation-portugal\\\/delegation-portugal\\\/#primaryimage\",\"url\":\"https:\\\/\\\/encouragement-public.org\\\/delegation-portugal\\\/wp-content\\\/uploads\\\/sites\\\/23\\\/2021\\\/05\\\/le-monument-des-decouvertes-lisbonne.jpg\",\"contentUrl\":\"https:\\\/\\\/encouragement-public.org\\\/delegation-portugal\\\/wp-content\\\/uploads\\\/sites\\\/23\\\/2021\\\/05\\\/le-monument-des-decouvertes-lisbonne.jpg\",\"width\":2193,\"height\":1644,\"caption\":\"le monument des d\u00e9couvertes, lisbonne\"},{\"@type\":\"BreadcrumbList\",\"@id\":\"https:\\\/\\\/encouragement-public.org\\\/delegation-portugal\\\/delegation-portugal\\\/#breadcrumb\",\"itemListElement\":[{\"@type\":\"ListItem\",\"position\":1,\"name\":\"Accueil\",\"item\":\"https:\\\/\\\/encouragement-public.org\\\/delegation-portugal\\\/\"},{\"@type\":\"ListItem\",\"position\":2,\"name\":\"D\u00c9L\u00c9GATION PORTUGAL\"}]},{\"@type\":\"WebSite\",\"@id\":\"https:\\\/\\\/encouragement-public.org\\\/delegation-portugal\\\/#website\",\"url\":\"https:\\\/\\\/encouragement-public.org\\\/delegation-portugal\\\/\",\"name\":\"D\u00e9l\u00e9gation Portugal\",\"description\":\"Savoir r\u00e9compenser le m\u00e9rite\",\"potentialAction\":[{\"@type\":\"SearchAction\",\"target\":{\"@type\":\"EntryPoint\",\"urlTemplate\":\"https:\\\/\\\/encouragement-public.org\\\/delegation-portugal\\\/?s={search_term_string}\"},\"query-input\":{\"@type\":\"PropertyValueSpecification\",\"valueRequired\":true,\"valueName\":\"search_term_string\"}}],\"inLanguage\":\"fr-FR\"}]}<\/script>\n<!-- \/ Yoast SEO plugin. -->","yoast_head_json":{"title":"D\u00c9L\u00c9GATION PORTUGAL - D\u00e9l\u00e9gation Portugal","robots":{"index":"index","follow":"follow","max-snippet":"max-snippet:-1","max-image-preview":"max-image-preview:large","max-video-preview":"max-video-preview:-1"},"canonical":"https:\/\/encouragement-public.org\/delegation-portugal\/delegation-portugal\/","og_locale":"fr_FR","og_type":"article","og_title":"D\u00c9L\u00c9GATION PORTUGAL - D\u00e9l\u00e9gation Portugal","og_description":"[vc_row][vc_column][vc_custom_heading text=&#8221;D\u00c9L\u00c9GATION PORTUGAL&#8221; font_container=&#8221;tag:h1|text_align:left|color:%2356bf33&#8243; css=&#8221;.vc_custom_1620044977527{background-color: rgba(255,255,255,0.01) !important;*background-color: rgb(255,255,255) !important;}&#8221;][vc_column_text][\/vc_column_text][\/vc_column][\/vc_row][vc_row gap=&#8221;10&#8243; enable_loading_bg=&#8221;yes&#8221; bg_position=&#8221;center center&#8221; css=&#8221;.vc_custom_1590965269814{padding-top: 5%...","og_url":"https:\/\/encouragement-public.org\/delegation-portugal\/delegation-portugal\/","og_site_name":"D\u00e9l\u00e9gation Portugal","article_modified_time":"2021-05-03T15:04:57+00:00","og_image":[{"width":2193,"height":1644,"url":"https:\/\/encouragement-public.org\/delegation-portugal\/wp-content\/uploads\/sites\/23\/2021\/05\/le-monument-des-decouvertes-lisbonne.jpg","type":"image\/jpeg"}],"twitter_card":"summary_large_image","twitter_misc":{"Dur\u00e9e de lecture estim\u00e9e":"6 minutes"},"schema":{"@context":"https:\/\/schema.org","@graph":[{"@type":"WebPage","@id":"https:\/\/encouragement-public.org\/delegation-portugal\/delegation-portugal\/","url":"https:\/\/encouragement-public.org\/delegation-portugal\/delegation-portugal\/","name":"D\u00c9L\u00c9GATION PORTUGAL - D\u00e9l\u00e9gation Portugal","isPartOf":{"@id":"https:\/\/encouragement-public.org\/delegation-portugal\/#website"},"primaryImageOfPage":{"@id":"https:\/\/encouragement-public.org\/delegation-portugal\/delegation-portugal\/#primaryimage"},"image":{"@id":"https:\/\/encouragement-public.org\/delegation-portugal\/delegation-portugal\/#primaryimage"},"thumbnailUrl":"https:\/\/encouragement-public.org\/delegation-portugal\/wp-content\/uploads\/sites\/23\/2021\/05\/le-monument-des-decouvertes-lisbonne.jpg","datePublished":"2020-10-04T19:15:32+00:00","dateModified":"2021-05-03T15:04:57+00:00","breadcrumb":{"@id":"https:\/\/encouragement-public.org\/delegation-portugal\/delegation-portugal\/#breadcrumb"},"inLanguage":"fr-FR","potentialAction":[{"@type":"ReadAction","target":["https:\/\/encouragement-public.org\/delegation-portugal\/delegation-portugal\/"]}]},{"@type":"ImageObject","inLanguage":"fr-FR","@id":"https:\/\/encouragement-public.org\/delegation-portugal\/delegation-portugal\/#primaryimage","url":"https:\/\/encouragement-public.org\/delegation-portugal\/wp-content\/uploads\/sites\/23\/2021\/05\/le-monument-des-decouvertes-lisbonne.jpg","contentUrl":"https:\/\/encouragement-public.org\/delegation-portugal\/wp-content\/uploads\/sites\/23\/2021\/05\/le-monument-des-decouvertes-lisbonne.jpg","width":2193,"height":1644,"caption":"le monument des d\u00e9couvertes, lisbonne"},{"@type":"BreadcrumbList","@id":"https:\/\/encouragement-public.org\/delegation-portugal\/delegation-portugal\/#breadcrumb","itemListElement":[{"@type":"ListItem","position":1,"name":"Accueil","item":"https:\/\/encouragement-public.org\/delegation-portugal\/"},{"@type":"ListItem","position":2,"name":"D\u00c9L\u00c9GATION PORTUGAL"}]},{"@type":"WebSite","@id":"https:\/\/encouragement-public.org\/delegation-portugal\/#website","url":"https:\/\/encouragement-public.org\/delegation-portugal\/","name":"D\u00e9l\u00e9gation Portugal","description":"Savoir r\u00e9compenser le m\u00e9rite","potentialAction":[{"@type":"SearchAction","target":{"@type":"EntryPoint","urlTemplate":"https:\/\/encouragement-public.org\/delegation-portugal\/?s={search_term_string}"},"query-input":{"@type":"PropertyValueSpecification","valueRequired":true,"valueName":"search_term_string"}}],"inLanguage":"fr-FR"}]}},"_links":{"self":[{"href":"https:\/\/encouragement-public.org\/delegation-portugal\/wp-json\/wp\/v2\/pages\/9515","targetHints":{"allow":["GET"]}}],"collection":[{"href":"https:\/\/encouragement-public.org\/delegation-portugal\/wp-json\/wp\/v2\/pages"}],"about":[{"href":"https:\/\/encouragement-public.org\/delegation-portugal\/wp-json\/wp\/v2\/types\/page"}],"author":[{"embeddable":true,"href":"https:\/\/encouragement-public.org\/delegation-portugal\/wp-json\/wp\/v2\/users\/1"}],"replies":[{"embeddable":true,"href":"https:\/\/encouragement-public.org\/delegation-portugal\/wp-json\/wp\/v2\/comments?post=9515"}],"version-history":[{"count":26,"href":"https:\/\/encouragement-public.org\/delegation-portugal\/wp-json\/wp\/v2\/pages\/9515\/revisions"}],"predecessor-version":[{"id":9693,"href":"https:\/\/encouragement-public.org\/delegation-portugal\/wp-json\/wp\/v2\/pages\/9515\/revisions\/9693"}],"wp:featuredmedia":[{"embeddable":true,"href":"https:\/\/encouragement-public.org\/delegation-portugal\/wp-json\/wp\/v2\/media\/9668"}],"wp:attachment":[{"href":"https:\/\/encouragement-public.org\/delegation-portugal\/wp-json\/wp\/v2\/media?parent=9515"}],"curies":[{"name":"wp","href":"https:\/\/api.w.org\/{rel}","templated":true}]}}